{"id":14259,"date":"2023-10-03T11:05:07","date_gmt":"2023-10-03T09:05:07","guid":{"rendered":"https:\/\/www.oltresrl.eu\/?page_id=14259"},"modified":"2025-11-20T16:45:38","modified_gmt":"2025-11-20T15:45:38","slug":"accademia-permanente-confimi-abruzzo-walter-tosto","status":"publish","type":"page","link":"https:\/\/www.oltresrl.eu\/index.php\/accademia-permanente-confimi-abruzzo-walter-tosto\/","title":{"rendered":"Academy Confimi"},"content":{"rendered":"\t\t<div data-elementor-type=\"wp-page\" data-elementor-id=\"14259\" class=\"elementor elementor-14259\">\n\t\t\t\t\t\t<section class=\"elementor-section elementor-top-section elementor-element elementor-element-c814933 elementor-section-boxed elementor-section-height-default elementor-section-height-default\" data-id=\"c814933\" data-element_type=\"section\" data-e-type=\"section\">\n\t\t\t\t\t\t<div class=\"elementor-container elementor-column-gap-default\">\n\t\t\t\t\t<div class=\"aux-parallax-section elementor-column elementor-col-100 elementor-top-column elementor-element elementor-element-97fce15\" data-id=\"97fce15\" data-element_type=\"column\" data-e-type=\"column\">\n\t\t\t<div class=\"elementor-widget-wrap elementor-element-populated\">\n\t\t\t\t\t\t<div class=\"elementor-element elementor-element-88f1389 elementor-widget elementor-widget-image\" data-id=\"88f1389\" data-element_type=\"widget\" data-e-type=\"widget\" data-widget_type=\"image.default\">\n\t\t\t\t<div class=\"elementor-widget-container\">\n\t\t\t\t\t\t\t\t\t\t\t\t\t\t\t<img fetchpriority=\"high\" decoding=\"async\" width=\"1430\" height=\"573\" src=\"https:\/\/www.oltresrl.eu\/wp-content\/uploads\/2023\/10\/Accademia-Permanente-di-Confimi-Industria-Abruzzo-1.png\" class=\"attachment-full size-full wp-image-14446\" alt=\"\" \/>\t\t\t\t\t\t\t\t\t\t\t\t\t\t\t<\/div>\n\t\t\t\t<\/div>\n\t\t\t\t\t<\/div>\n\t\t<\/div>\n\t\t\t\t\t<\/div>\n\t\t<\/section>\n\t\t\t\t<section class=\"elementor-section elementor-top-section elementor-element elementor-element-bca29ab elementor-section-boxed elementor-section-height-default elementor-section-height-default\" data-id=\"bca29ab\" data-element_type=\"section\" data-e-type=\"section\">\n\t\t\t\t\t\t<div class=\"elementor-container elementor-column-gap-default\">\n\t\t\t\t\t<div class=\"aux-parallax-section elementor-column elementor-col-25 elementor-top-column elementor-element elementor-element-3c4d76b\" data-id=\"3c4d76b\" data-element_type=\"column\" data-e-type=\"column\">\n\t\t\t<div class=\"elementor-widget-wrap elementor-element-populated\">\n\t\t\t\t\t\t<div class=\"elementor-element elementor-element-b6b9bca elementor-widget elementor-widget-image\" data-id=\"b6b9bca\" data-element_type=\"widget\" data-e-type=\"widget\" data-widget_type=\"image.default\">\n\t\t\t\t<div class=\"elementor-widget-container\">\n\t\t\t\t\t\t\t\t\t\t\t\t\t\t\t<img decoding=\"async\" width=\"150\" height=\"150\" src=\"https:\/\/www.oltresrl.eu\/wp-content\/uploads\/2023\/02\/Tavola-disegno-1-150x150.png\" class=\"attachment-thumbnail size-thumbnail wp-image-11757\" alt=\"\" srcset=\"https:\/\/www.oltresrl.eu\/wp-content\/uploads\/2023\/02\/Tavola-disegno-1-150x150.png 150w, https:\/\/www.oltresrl.eu\/wp-content\/uploads\/2023\/02\/Tavola-disegno-1-75x75.png 75w, https:\/\/www.oltresrl.eu\/wp-content\/uploads\/2023\/02\/elementor\/thumbs\/Tavola-disegno-1-150x150.png 400w, https:\/\/www.oltresrl.eu\/wp-content\/uploads\/2023\/02\/Tavola-disegno-1.png 300w\" sizes=\"(max-width: 150px) 100vw, 150px\" \/>\t\t\t\t\t\t\t\t\t\t\t\t\t\t\t<\/div>\n\t\t\t\t<\/div>\n\t\t\t\t\t<\/div>\n\t\t<\/div>\n\t\t\t\t<div class=\"aux-parallax-section elementor-column elementor-col-25 elementor-top-column elementor-element elementor-element-b7f14e7\" data-id=\"b7f14e7\" data-element_type=\"column\" data-e-type=\"column\">\n\t\t\t<div class=\"elementor-widget-wrap elementor-element-populated\">\n\t\t\t\t\t\t<div class=\"elementor-element elementor-element-7128aae elementor-widget elementor-widget-image\" data-id=\"7128aae\" data-element_type=\"widget\" data-e-type=\"widget\" data-widget_type=\"image.default\">\n\t\t\t\t<div class=\"elementor-widget-container\">\n\t\t\t\t\t\t\t\t\t\t\t\t\t\t\t<img decoding=\"async\" width=\"150\" height=\"150\" src=\"https:\/\/www.oltresrl.eu\/wp-content\/uploads\/2023\/02\/Tavola-disegno-2-1-150x150.png\" class=\"attachment-thumbnail size-thumbnail wp-image-11758\" alt=\"\" srcset=\"https:\/\/www.oltresrl.eu\/wp-content\/uploads\/2023\/02\/Tavola-disegno-2-1-150x150.png 150w, https:\/\/www.oltresrl.eu\/wp-content\/uploads\/2023\/02\/Tavola-disegno-2-1-75x75.png 75w, https:\/\/www.oltresrl.eu\/wp-content\/uploads\/2023\/02\/Tavola-disegno-2-1.png 300w\" sizes=\"(max-width: 150px) 100vw, 150px\" \/>\t\t\t\t\t\t\t\t\t\t\t\t\t\t\t<\/div>\n\t\t\t\t<\/div>\n\t\t\t\t\t<\/div>\n\t\t<\/div>\n\t\t\t\t<div class=\"aux-parallax-section elementor-column elementor-col-25 elementor-top-column elementor-element elementor-element-164171a\" data-id=\"164171a\" data-element_type=\"column\" data-e-type=\"column\">\n\t\t\t<div class=\"elementor-widget-wrap elementor-element-populated\">\n\t\t\t\t\t\t<div class=\"elementor-element elementor-element-120ce35 elementor-widget elementor-widget-image\" data-id=\"120ce35\" data-element_type=\"widget\" data-e-type=\"widget\" data-widget_type=\"image.default\">\n\t\t\t\t<div class=\"elementor-widget-container\">\n\t\t\t\t\t\t\t\t\t\t\t\t\t\t\t<img loading=\"lazy\" decoding=\"async\" width=\"150\" height=\"150\" src=\"https:\/\/www.oltresrl.eu\/wp-content\/uploads\/2023\/09\/TONDO_WEB-conf-150x150.png\" class=\"attachment-thumbnail size-thumbnail wp-image-14327\" alt=\"Accademy Confimi Industria\" srcset=\"https:\/\/www.oltresrl.eu\/wp-content\/uploads\/2023\/09\/TONDO_WEB-conf-150x150.png 150w, https:\/\/www.oltresrl.eu\/wp-content\/uploads\/2023\/09\/TONDO_WEB-conf-75x75.png 75w, https:\/\/www.oltresrl.eu\/wp-content\/uploads\/2023\/09\/TONDO_WEB-conf.png 300w\" sizes=\"(max-width: 150px) 100vw, 150px\" \/>\t\t\t\t\t\t\t\t\t\t\t\t\t\t\t<\/div>\n\t\t\t\t<\/div>\n\t\t\t\t\t<\/div>\n\t\t<\/div>\n\t\t\t\t<div class=\"aux-parallax-section elementor-column elementor-col-25 elementor-top-column elementor-element elementor-element-ed42a7a\" data-id=\"ed42a7a\" data-element_type=\"column\" data-e-type=\"column\">\n\t\t\t<div class=\"elementor-widget-wrap elementor-element-populated\">\n\t\t\t\t\t\t<div class=\"elementor-element elementor-element-8052d5a elementor-widget elementor-widget-image\" data-id=\"8052d5a\" data-element_type=\"widget\" data-e-type=\"widget\" data-widget_type=\"image.default\">\n\t\t\t\t<div class=\"elementor-widget-container\">\n\t\t\t\t\t\t\t\t\t\t\t\t\t\t\t<img loading=\"lazy\" decoding=\"async\" width=\"150\" height=\"150\" src=\"https:\/\/www.oltresrl.eu\/wp-content\/uploads\/2023\/09\/TONDO_WEB-150x150.png\" class=\"attachment-thumbnail size-thumbnail wp-image-14326\" alt=\"Accademy Oltre-Maw-Confimi-Waltertosto\" srcset=\"https:\/\/www.oltresrl.eu\/wp-content\/uploads\/2023\/09\/TONDO_WEB-150x150.png 150w, https:\/\/www.oltresrl.eu\/wp-content\/uploads\/2023\/09\/TONDO_WEB-75x75.png 75w, https:\/\/www.oltresrl.eu\/wp-content\/uploads\/2023\/09\/TONDO_WEB.png 300w\" sizes=\"(max-width: 150px) 100vw, 150px\" \/>\t\t\t\t\t\t\t\t\t\t\t\t\t\t\t<\/div>\n\t\t\t\t<\/div>\n\t\t\t\t\t<\/div>\n\t\t<\/div>\n\t\t\t\t\t<\/div>\n\t\t<\/section>\n\t\t\t\t<section class=\"elementor-section elementor-top-section elementor-element elementor-element-21b8542 elementor-section-boxed elementor-section-height-default elementor-section-height-default\" data-id=\"21b8542\" data-element_type=\"section\" data-e-type=\"section\">\n\t\t\t\t\t\t<div class=\"elementor-container elementor-column-gap-default\">\n\t\t\t\t\t<div class=\"aux-parallax-section elementor-column elementor-col-100 elementor-top-column elementor-element elementor-element-163d4d2\" data-id=\"163d4d2\" data-element_type=\"column\" data-e-type=\"column\">\n\t\t\t<div class=\"elementor-widget-wrap elementor-element-populated\">\n\t\t\t\t\t\t<div class=\"elementor-element elementor-element-e454df6 elementor-widget elementor-widget-text-editor\" data-id=\"e454df6\" data-element_type=\"widget\" data-e-type=\"widget\" data-widget_type=\"text-editor.default\">\n\t\t\t\t<div class=\"elementor-widget-container\">\n\t\t\t\t\t\t\t\t\t<p><strong>IL PROGETTO<\/strong><\/p>\n<p><span style=\"font-family: Montserrat, MONSERRANT; font-size: 16.0016px; text-align: justify;\">L&#8217;<strong>Accademia Permanente di Confimi Industria Abruzzo<\/strong> rappresenta una risposta concreta alle sfide affrontate dalle aziende odierne nell&#8217;attrarre e trattenere <strong>personale competente<\/strong> e nell&#8217;assicurare una<strong> formazione aggiornata<\/strong> per soddisfare le esigenze del mercato del lavoro. <\/span><\/p>\n<p><span style=\"font-family: Montserrat, MONSERRANT; font-size: 16.0016px; text-align: justify;\">L&#8217;iniziativa nasce dalla collaborazione tra <strong>Confimi Industria Abruzzo<\/strong>, l&#8217;Associazione datoriale dedicata alle esigenze delle imprese iscritte, e due <strong>partner specializzati nella gestione delle risorse umane<\/strong> quali l&#8217;Agenzia per il lavoro <strong>MAW<\/strong>, da sempre interessata alla formazione e qualificazione del lavoro e l&#8217;Agenzia formativa <strong>OLTRE della rete PEOPLE STRATEGY<\/strong> che da tanti anni si occupa di formare candidati su profili tecnici e su competenze comportamentali capaci di fare la differenza nei contesti organizzativi. <\/span><span style=\"font-family: Montserrat, MONSERRANT; font-size: 16.0016px; text-align: justify;\">La cooperazione sinergica assicura la massima professionalit\u00e0 e esiti positivi sia per le <strong>aziende che cercano nuove risorse<\/strong> &nbsp;che per i lavoratori che sono alla ricerca di <strong>nuove e concrete opportunit\u00e0 lavorative.<\/strong><\/span><\/p>\n<p>Con questo progetto <span style=\"font-family: Montserrat, MONSERRANT; font-size: 16.0016px; text-align: justify;\"><strong>Confimi Industria Abruzzo d\u00e0 dunque<\/strong><\/span>&nbsp;vita ad un&nbsp; \u201ccontesto formativo\u201d permanente, denominato ACCADEMIA, all\u2019interno del quale le aziende associate possono proporre la <strong>formazione di profili professional<\/strong>i da loro ricercati e condividere con altre associate questo fabbisogno in una logica di&nbsp; rete.<\/p>\n<p><\/p>\n<p><span style=\"font-family: Montserrat, MONSERRANT; font-size: 16.0016px; text-align: justify;\"><strong>GLI OBIETTIVI<\/strong><\/span><\/p>\n<p><span style=\"font-family: Montserrat, MONSERRANT; font-size: 16.0016px; text-align: justify;\">L&#8217;<strong>obiettivo principale dell&#8217;Accademia Permanente Confimi<\/strong> \u00e8 colmare il gap tra la preparazione dei lavoratori e le richieste del mercato del lavoro (<strong>skill mismatch<\/strong>), garantendo che le <strong>nuove<\/strong> <strong>competenze dei candidati siano allineate con le attuali esigenze delle aziende<\/strong>.&nbsp;<\/span><\/p>\n<p><span style=\"font-family: Montserrat, MONSERRANT; font-size: 16.0016px; text-align: justify;\">L&#8217;<strong>Accademia Confimi<\/strong> vuole offrire, inoltre, una vasta gamma di programmi formativi, corsi specializzati e workshop pratici, progettati per sviluppare le competenze tecniche, manageriali e professionali <strong>richieste dalle imprese aderenti<\/strong>. I docenti e i formatori sono professionisti esperti nel settore industriale per garantire una <strong>formazione di alta qualit\u00e0<\/strong> e pertinente.<\/span><\/p>\n<p><span style=\"font-family: Montserrat, MONSERRANT; font-size: 16.0016px; text-align: justify;\">I programmi formativi di qualit\u00e0 e che mirano a sanare lo skill mismatch sono ricercati anche dai lavoratori stessi: apprendere competenze tecniche e innovative consente loro di diversificarsi nel mercato con un <strong>set di competenze difficilmente rintracciabile<\/strong> e accedere quindi a <strong>maggiori opportunit\u00e0 lavorative<\/strong> evitando disoccupazione o offerte di lavoro poco qualificate e\/o discontinue.<\/span><\/p>\n<p><span style=\"font-family: Montserrat, MONSERRANT; font-size: 16.0016px; text-align: justify;\">L&#8217;Accademia Permanente di Confimi Industria Abruzzo \u00e8 un esempio di come le aziende stiano investendo nella creazione di contesti formativi permanenti per reclutare persone interessate e sviluppare le loro competenze, contribuendo cos\u00ec al successo dell<strong>&#8216;<\/strong>intera comunit\u00e0 aziendale e al <strong>progresso sostenibile della regione Abruzzo.<\/strong><\/span><\/p>\n<p><\/p>\n<p><span style=\"font-family: Montserrat, MONSERRANT; font-size: 16.0016px; text-align: justify;\"><strong>UN P\u00d2 DI STORIA&nbsp;<\/strong><\/span><\/p>\n<p><span style=\"font-family: Montserrat, MONSERRANT; font-size: 16.0016px; text-align: justify;\">Confimi Industria Abruzzo nasce nel 2020 con l\u2019obiettivo di aggregare le imprese rappresentative di tutti i settori produttivi del territorio. L\u2019Associazione aderisce a Confimi Industria, la Confederazione dell\u2019Industria Manifatturiera Italiana e dell\u2019Impresa Privata che rappresenta circa 45 mila imprese per 600 mila dipendenti con un fatturato aggregato di 85 miliardi di euro.<\/span><\/p>\t\t\t\t\t\t\t\t<\/div>\n\t\t\t\t<\/div>\n\t\t\t\t\t<\/div>\n\t\t<\/div>\n\t\t\t\t\t<\/div>\n\t\t<\/section>\n\t\t\t\t<section class=\"elementor-section elementor-top-section elementor-element elementor-element-bc0a33e elementor-section-boxed elementor-section-height-default elementor-section-height-default\" data-id=\"bc0a33e\" data-element_type=\"section\" data-e-type=\"section\">\n\t\t\t\t\t\t<div class=\"elementor-container elementor-column-gap-default\">\n\t\t\t\t\t<div class=\"aux-parallax-section elementor-column elementor-col-100 elementor-top-column elementor-element elementor-element-311b2fd\" data-id=\"311b2fd\" data-element_type=\"column\" data-e-type=\"column\">\n\t\t\t<div class=\"elementor-widget-wrap elementor-element-populated\">\n\t\t\t\t\t\t<div class=\"elementor-element elementor-element-829ac74 elementor-widget elementor-widget-spacer\" data-id=\"829ac74\" data-element_type=\"widget\" data-e-type=\"widget\" data-widget_type=\"spacer.default\">\n\t\t\t\t<div class=\"elementor-widget-container\">\n\t\t\t\t\t\t\t<div class=\"elementor-spacer\">\n\t\t\t<div class=\"elementor-spacer-inner\"><\/div>\n\t\t<\/div>\n\t\t\t\t\t\t<\/div>\n\t\t\t\t<\/div>\n\t\t\t\t\t<\/div>\n\t\t<\/div>\n\t\t\t\t\t<\/div>\n\t\t<\/section>\n\t\t\t\t<section class=\"elementor-section elementor-top-section elementor-element elementor-element-ca802d0 elementor-hidden-desktop elementor-hidden-tablet elementor-hidden-mobile elementor-section-boxed elementor-section-height-default elementor-section-height-default\" data-id=\"ca802d0\" data-element_type=\"section\" data-e-type=\"section\" data-settings=\"{&quot;background_background&quot;:&quot;classic&quot;}\">\n\t\t\t\t\t\t<div class=\"elementor-container elementor-column-gap-default\">\n\t\t\t\t\t<div class=\"aux-parallax-section elementor-column elementor-col-100 elementor-top-column elementor-element elementor-element-ec1d0e8\" data-id=\"ec1d0e8\" data-element_type=\"column\" data-e-type=\"column\">\n\t\t\t<div class=\"elementor-widget-wrap elementor-element-populated\">\n\t\t\t\t\t\t<div class=\"elementor-element elementor-element-fa0f322 elementor-widget elementor-widget-heading\" data-id=\"fa0f322\" data-element_type=\"widget\" data-e-type=\"widget\" data-widget_type=\"heading.default\">\n\t\t\t\t<div class=\"elementor-widget-container\">\n\t\t\t\t\t<h1 class=\"elementor-heading-title elementor-size-default\">Un Nuovo Concetto di Formazione, pi\u00f9 Moderno e Vincente<\/h1>\t\t\t\t<\/div>\n\t\t\t\t<\/div>\n\t\t\t\t<div class=\"elementor-element elementor-element-5ec436f elementor-widget elementor-widget-text-editor\" data-id=\"5ec436f\" data-element_type=\"widget\" data-e-type=\"widget\" data-widget_type=\"text-editor.default\">\n\t\t\t\t<div class=\"elementor-widget-container\">\n\t\t\t\t\t\t\t\t\t<p><span style=\"font-family: Montserrat, MONSERRANT; font-size: 16.0016px; text-align: justify;\">Una strategia di selezione del personale basata sulla formazione mirata alle esigenze specifiche delle aziende \u00e8 un approccio vincente nel mondo del reclutamento moderno. <\/span><\/p><p><span style=\"font-family: Montserrat, MONSERRANT; font-size: 16.0016px; text-align: justify;\">Questo approccio all&#8217;avanguardia si basa sull&#8217;idea di colmare il divario tra le competenze richieste e quelle disponibili, creando un team altamente qualificato e pronto a far crescere le aziende che scelgono di aderire all&#8217;Accademia Confimi. Ecco alcuni dei benefici principali di questa strategia innovativa:<\/span><\/p><ul><li><strong>Aumento della produttivit\u00e0:<\/strong> Formare il personale in base alle esigenze specifiche dell&#8217;azienda significa che i dipendenti saranno subito operativi, riducendo i tempi di adattamento. Questo porta a un aumento della produttivit\u00e0 e dei risultati aziendali;<\/li><li><strong>Risparmio sui costi:<\/strong> Investire nella formazione interna pu\u00f2 essere pi\u00f9 economico rispetto alla ricerca e alla selezione di candidati altamente qualificati sul mercato del lavoro. Inoltre, riduce il turnover, con conseguenti risparmi nei costi di reclutamento.<\/li><li><strong>Adattabilit\u00e0<\/strong>: La formazione mirata consente ai dipendenti di adattarsi facilmente ai cambiamenti tecnologici e alle nuove sfide aziendali. Questa flessibilit\u00e0 \u00e8 essenziale in un mondo in rapida evoluzione.<\/li><li><strong>Miglioramento della cultura aziendale:<\/strong> Investire nella crescita dei dipendenti dimostra che l&#8217;azienda si preoccupa del loro sviluppo professionale. Questo crea un ambiente di lavoro pi\u00f9 motivante e positivo, aumentando la fedelt\u00e0 e l&#8217;impegno dei dipendenti.<\/li><li><strong>Competitivit\u00e0 sul mercato:<\/strong> Un team altamente qualificato \u00e8 un vantaggio competitivo. Le aziende che investono nella formazione hanno una posizione pi\u00f9 solida sul mercato e sono in grado di affrontare sfide in modo pi\u00f9 efficace.<\/li><li><strong>Risposta alle esigenze specifiche:<\/strong> Ogni azienda ha esigenze uniche. La formazione su misura consente di affrontare queste esigenze in modo diretto, creando un vantaggio strategico.<\/li><li><strong>Crescita organica:<\/strong> La formazione interna favorisce la promozione interna e la crescita organica. I dipendenti si sentono motivati a rimanere nell&#8217;azienda a lungo termine, sapendo che ci sono opportunit\u00e0 di sviluppo professionale.<\/li><\/ul>\t\t\t\t\t\t\t\t<\/div>\n\t\t\t\t<\/div>\n\t\t\t\t\t<\/div>\n\t\t<\/div>\n\t\t\t\t\t<\/div>\n\t\t<\/section>\n\t\t\t\t<section class=\"elementor-section elementor-top-section elementor-element elementor-element-a413154 elementor-section-boxed elementor-section-height-default elementor-section-height-default\" data-id=\"a413154\" data-element_type=\"section\" data-e-type=\"section\" data-settings=\"{&quot;background_background&quot;:&quot;classic&quot;}\">\n\t\t\t\t\t\t<div class=\"elementor-container elementor-column-gap-default\">\n\t\t\t\t\t<div class=\"aux-parallax-section elementor-column elementor-col-100 elementor-top-column elementor-element elementor-element-b7fcfea\" data-id=\"b7fcfea\" data-element_type=\"column\" data-e-type=\"column\">\n\t\t\t<div class=\"elementor-widget-wrap elementor-element-populated\">\n\t\t\t\t\t\t<div class=\"elementor-element elementor-element-36f5100 elementor-widget-divider--view-line elementor-widget elementor-widget-divider\" data-id=\"36f5100\" data-element_type=\"widget\" data-e-type=\"widget\" data-widget_type=\"divider.default\">\n\t\t\t\t<div class=\"elementor-widget-container\">\n\t\t\t\t\t\t\t<div class=\"elementor-divider\">\n\t\t\t<span class=\"elementor-divider-separator\">\n\t\t\t\t\t\t<\/span>\n\t\t<\/div>\n\t\t\t\t\t\t<\/div>\n\t\t\t\t<\/div>\n\t\t\t\t\t<\/div>\n\t\t<\/div>\n\t\t\t\t\t<\/div>\n\t\t<\/section>\n\t\t\t\t<section class=\"elementor-section elementor-top-section elementor-element elementor-element-a32c3b3 elementor-section-boxed elementor-section-height-default elementor-section-height-default\" data-id=\"a32c3b3\" data-element_type=\"section\" data-e-type=\"section\" data-settings=\"{&quot;background_background&quot;:&quot;classic&quot;}\">\n\t\t\t\t\t\t<div class=\"elementor-container elementor-column-gap-default\">\n\t\t\t\t\t<div class=\"aux-parallax-section elementor-column elementor-col-100 elementor-top-column elementor-element elementor-element-5c6fb9a\" data-id=\"5c6fb9a\" data-element_type=\"column\" data-e-type=\"column\">\n\t\t\t<div class=\"elementor-widget-wrap elementor-element-populated\">\n\t\t\t\t\t\t<div class=\"elementor-element elementor-element-5bc46f4 elementor-widget elementor-widget-heading\" data-id=\"5bc46f4\" data-element_type=\"widget\" data-e-type=\"widget\" data-widget_type=\"heading.default\">\n\t\t\t\t<div class=\"elementor-widget-container\">\n\t\t\t\t\t<h1 class=\"elementor-heading-title elementor-size-default\">Il comitato tecnico scientifico<\/h1>\t\t\t\t<\/div>\n\t\t\t\t<\/div>\n\t\t\t\t<div class=\"elementor-element elementor-element-d6a0a5a elementor-widget elementor-widget-text-editor\" data-id=\"d6a0a5a\" data-element_type=\"widget\" data-e-type=\"widget\" data-widget_type=\"text-editor.default\">\n\t\t\t\t<div class=\"elementor-widget-container\">\n\t\t\t\t\t\t\t\t\t<p><span style=\"font-family: Montserrat, MONSERRANT; font-size: 16.0016px; text-align: justify;\">Una delle peculiarit\u00e0 dell&#8217;Accademia Confimi \u00e8 la volont\u00e0 di dotarsi di un comitato tecnico scientifico volto a painificare, valutare, e implementare l&#8217;offerta formativa e a recepire le richieste dei soggetti aderenti.<\/span><\/p>\t\t\t\t\t\t\t\t<\/div>\n\t\t\t\t<\/div>\n\t\t\t\t<section class=\"elementor-section elementor-inner-section elementor-element elementor-element-3f420f5 elementor-section-boxed elementor-section-height-default elementor-section-height-default\" data-id=\"3f420f5\" data-element_type=\"section\" data-e-type=\"section\">\n\t\t\t\t\t\t<div class=\"elementor-container elementor-column-gap-default\">\n\t\t\t\t\t<div class=\"aux-parallax-section elementor-column elementor-col-20 elementor-inner-column elementor-element elementor-element-c368f72\" data-id=\"c368f72\" data-element_type=\"column\" data-e-type=\"column\">\n\t\t\t<div class=\"elementor-widget-wrap elementor-element-populated\">\n\t\t\t\t\t\t<div class=\"elementor-element elementor-element-a8b41c2 elementor-widget elementor-widget-aux_text\" data-id=\"a8b41c2\" data-element_type=\"widget\" data-e-type=\"widget\" data-widget_type=\"aux_text.default\">\n\t\t\t\t<div class=\"elementor-widget-container\">\n\t\t\t\t\t<section class=\"widget-container aux-widget-text aux-parent-au58657b27\">        <div class=\"aux-widget-advanced-text aux-wrap-style-simple aux-ico-pos-top aux-text-center aux-text-resp- aux-text-color-dark aux-text-widget-bg-center  \" >\n        \n                            <div class=\"aux-text-widget-header \"  >\n                        <div class=\"aux-ico-box aux-ico-large aux-img-box aux-ico-shape-default aux-ico-clear \">\n                                                                <img loading=\"lazy\" decoding=\"async\" width=\"100\" height=\"100\" src=\"https:\/\/www.oltresrl.eu\/wp-content\/uploads\/2023\/04\/qTONDO_WEB-copia-2-100x100.png\" class=\"aux-attachment aux-featured-image aux-attachment-id-12564\" srcset=\"https:\/\/www.oltresrl.eu\/wp-content\/uploads\/2023\/04\/qTONDO_WEB-copia-2-150x150.png 150w,https:\/\/www.oltresrl.eu\/wp-content\/uploads\/2023\/04\/qTONDO_WEB-copia-2-300x300.png 300w,https:\/\/www.oltresrl.eu\/wp-content\/uploads\/2023\/04\/qTONDO_WEB-copia-2-100x100.png 100w\" data-ratio=\"1\" data-original-w=\"332\" sizes=\"(max-width:479px) 480px,(max-width:767px) 768px,(max-width:1023px) 1024px,100px\" \/>                                                    <\/div>\n                <\/div>\n            \n            <div class=\"aux-text-inner aux-text-widget-content\">\n                                <div class=\"widget-content\">\n                                        <p>LUCA TOSTO<\/p><p><em>Presidente Confimi Abruzzo e Managing Director di Walter Tosto SpA<\/em><\/p>                <\/div>\n                            <\/div>\n        <\/div>\n                    <div class=\"aux-text-widget-footer\">\n                <div class=\"aux-border-shape-none \">\n                                <\/div>\n            <\/div>\n        \n<\/section><!-- widget-container -->\t\t\t\t<\/div>\n\t\t\t\t<\/div>\n\t\t\t\t\t<\/div>\n\t\t<\/div>\n\t\t\t\t<div class=\"aux-parallax-section elementor-column elementor-col-20 elementor-inner-column elementor-element elementor-element-f4bab8e\" data-id=\"f4bab8e\" data-element_type=\"column\" data-e-type=\"column\">\n\t\t\t<div class=\"elementor-widget-wrap elementor-element-populated\">\n\t\t\t\t\t\t<div class=\"elementor-element elementor-element-2b0ca61 elementor-widget elementor-widget-aux_text\" data-id=\"2b0ca61\" data-element_type=\"widget\" data-e-type=\"widget\" data-widget_type=\"aux_text.default\">\n\t\t\t\t<div class=\"elementor-widget-container\">\n\t\t\t\t\t<section class=\"widget-container aux-widget-text aux-parent-au1fe43519\">        <div class=\"aux-widget-advanced-text aux-wrap-style-simple aux-ico-pos-top aux-text-center aux-text-resp- aux-text-color-dark aux-text-widget-bg-center  \" >\n        \n                            <div class=\"aux-text-widget-header \"  >\n                        <div class=\"aux-ico-box aux-ico-large aux-img-box aux-ico-shape-default aux-ico-clear \">\n                                                                <img loading=\"lazy\" decoding=\"async\" width=\"100\" height=\"100\" src=\"https:\/\/www.oltresrl.eu\/wp-content\/uploads\/2023\/04\/qTONDO_WEB-copia-2-100x100.png\" class=\"aux-attachment aux-featured-image aux-attachment-id-12564\" srcset=\"https:\/\/www.oltresrl.eu\/wp-content\/uploads\/2023\/04\/qTONDO_WEB-copia-2-150x150.png 150w,https:\/\/www.oltresrl.eu\/wp-content\/uploads\/2023\/04\/qTONDO_WEB-copia-2-300x300.png 300w,https:\/\/www.oltresrl.eu\/wp-content\/uploads\/2023\/04\/qTONDO_WEB-copia-2-100x100.png 100w\" data-ratio=\"1\" data-original-w=\"332\" sizes=\"(max-width:479px) 480px,(max-width:767px) 768px,(max-width:1023px) 1024px,100px\" \/>                                                    <\/div>\n                <\/div>\n            \n            <div class=\"aux-text-inner aux-text-widget-content\">\n                                <div class=\"widget-content\">\n                                        MASSIMILIANO TACCONELLI<BR>\n<em>Nuclear &amp; Big Science Program Manager di Walter Tosto SpA<\/em>                <\/div>\n                            <\/div>\n        <\/div>\n                    <div class=\"aux-text-widget-footer\">\n                <div class=\"aux-border-shape-none \">\n                                <\/div>\n            <\/div>\n        \n<\/section><!-- widget-container -->\t\t\t\t<\/div>\n\t\t\t\t<\/div>\n\t\t\t\t\t<\/div>\n\t\t<\/div>\n\t\t\t\t<div class=\"aux-parallax-section elementor-column elementor-col-20 elementor-inner-column elementor-element elementor-element-39c2057\" data-id=\"39c2057\" data-element_type=\"column\" data-e-type=\"column\">\n\t\t\t<div class=\"elementor-widget-wrap elementor-element-populated\">\n\t\t\t\t\t\t<div class=\"elementor-element elementor-element-369a5c8 elementor-widget elementor-widget-aux_text\" data-id=\"369a5c8\" data-element_type=\"widget\" data-e-type=\"widget\" data-widget_type=\"aux_text.default\">\n\t\t\t\t<div class=\"elementor-widget-container\">\n\t\t\t\t\t<section class=\"widget-container aux-widget-text aux-parent-au0072b28c\">        <div class=\"aux-widget-advanced-text aux-wrap-style-simple aux-ico-pos-top aux-text-center aux-text-resp- aux-text-color-dark aux-text-widget-bg-center  \" >\n        \n                            <div class=\"aux-text-widget-header \"  >\n                        <div class=\"aux-ico-box aux-ico-large aux-img-box aux-ico-shape-default aux-ico-clear \">\n                                                                <img loading=\"lazy\" decoding=\"async\" width=\"100\" height=\"100\" src=\"https:\/\/www.oltresrl.eu\/wp-content\/uploads\/2023\/04\/qTONDO_WEB-copia-2-100x100.png\" class=\"aux-attachment aux-featured-image aux-attachment-id-12564\" srcset=\"https:\/\/www.oltresrl.eu\/wp-content\/uploads\/2023\/04\/qTONDO_WEB-copia-2-150x150.png 150w,https:\/\/www.oltresrl.eu\/wp-content\/uploads\/2023\/04\/qTONDO_WEB-copia-2-300x300.png 300w,https:\/\/www.oltresrl.eu\/wp-content\/uploads\/2023\/04\/qTONDO_WEB-copia-2-100x100.png 100w\" data-ratio=\"1\" data-original-w=\"332\" sizes=\"(max-width:479px) 480px,(max-width:767px) 768px,(max-width:1023px) 1024px,100px\" \/>                                                    <\/div>\n                <\/div>\n            \n            <div class=\"aux-text-inner aux-text-widget-content\">\n                                <div class=\"widget-content\">\n                                        <p>ALESSANDRA RELMI<br \/><em>Direttrice Confimi Abruzzo <\/em><\/p>                <\/div>\n                            <\/div>\n        <\/div>\n                    <div class=\"aux-text-widget-footer\">\n                <div class=\"aux-border-shape-none \">\n                                <\/div>\n            <\/div>\n        \n<\/section><!-- widget-container -->\t\t\t\t<\/div>\n\t\t\t\t<\/div>\n\t\t\t\t\t<\/div>\n\t\t<\/div>\n\t\t\t\t<div class=\"aux-parallax-section elementor-column elementor-col-20 elementor-inner-column elementor-element elementor-element-f5a3962\" data-id=\"f5a3962\" data-element_type=\"column\" data-e-type=\"column\">\n\t\t\t<div class=\"elementor-widget-wrap elementor-element-populated\">\n\t\t\t\t\t\t<div class=\"elementor-element elementor-element-5045f1a elementor-widget elementor-widget-aux_text\" data-id=\"5045f1a\" data-element_type=\"widget\" data-e-type=\"widget\" data-widget_type=\"aux_text.default\">\n\t\t\t\t<div class=\"elementor-widget-container\">\n\t\t\t\t\t<section class=\"widget-container aux-widget-text aux-parent-au1da5670f\">        <div class=\"aux-widget-advanced-text aux-wrap-style-simple aux-ico-pos-top aux-text-center aux-text-resp- aux-text-color-dark aux-text-widget-bg-center  \" >\n        \n                            <div class=\"aux-text-widget-header \"  >\n                        <div class=\"aux-ico-box aux-ico-large aux-img-box aux-ico-shape-default aux-ico-clear \">\n                                                                <img loading=\"lazy\" decoding=\"async\" width=\"100\" height=\"100\" src=\"https:\/\/www.oltresrl.eu\/wp-content\/uploads\/2023\/04\/qTONDO_WEB-copia-2-100x100.png\" class=\"aux-attachment aux-featured-image aux-attachment-id-12564\" srcset=\"https:\/\/www.oltresrl.eu\/wp-content\/uploads\/2023\/04\/qTONDO_WEB-copia-2-150x150.png 150w,https:\/\/www.oltresrl.eu\/wp-content\/uploads\/2023\/04\/qTONDO_WEB-copia-2-300x300.png 300w,https:\/\/www.oltresrl.eu\/wp-content\/uploads\/2023\/04\/qTONDO_WEB-copia-2-100x100.png 100w\" data-ratio=\"1\" data-original-w=\"332\" sizes=\"(max-width:479px) 480px,(max-width:767px) 768px,(max-width:1023px) 1024px,100px\" \/>                                                    <\/div>\n                <\/div>\n            \n            <div class=\"aux-text-inner aux-text-widget-content\">\n                                <div class=\"widget-content\">\n                                        <p>SABRINA DI SANTO<\/p><p><em>Operation Director MAW SpA <\/em><\/p>                <\/div>\n                            <\/div>\n        <\/div>\n                    <div class=\"aux-text-widget-footer\">\n                <div class=\"aux-border-shape-none \">\n                                <\/div>\n            <\/div>\n        \n<\/section><!-- widget-container -->\t\t\t\t<\/div>\n\t\t\t\t<\/div>\n\t\t\t\t\t<\/div>\n\t\t<\/div>\n\t\t\t\t<div class=\"aux-parallax-section elementor-column elementor-col-20 elementor-inner-column elementor-element elementor-element-3cae99b\" data-id=\"3cae99b\" data-element_type=\"column\" data-e-type=\"column\">\n\t\t\t<div class=\"elementor-widget-wrap elementor-element-populated\">\n\t\t\t\t\t\t<div class=\"elementor-element elementor-element-8e1e733 elementor-widget elementor-widget-aux_text\" data-id=\"8e1e733\" data-element_type=\"widget\" data-e-type=\"widget\" data-widget_type=\"aux_text.default\">\n\t\t\t\t<div class=\"elementor-widget-container\">\n\t\t\t\t\t<section class=\"widget-container aux-widget-text aux-parent-au99c06e6e\">        <div class=\"aux-widget-advanced-text aux-wrap-style-simple aux-ico-pos-top aux-text-center aux-text-resp- aux-text-color-dark aux-text-widget-bg-center  \" >\n        \n                            <div class=\"aux-text-widget-header \"  >\n                        <div class=\"aux-ico-box aux-ico-large aux-img-box aux-ico-shape-default aux-ico-clear \">\n                                                                <img loading=\"lazy\" decoding=\"async\" width=\"100\" height=\"100\" src=\"https:\/\/www.oltresrl.eu\/wp-content\/uploads\/2023\/04\/qTONDO_WEB-copia-2-100x100.png\" class=\"aux-attachment aux-featured-image aux-attachment-id-12564\" srcset=\"https:\/\/www.oltresrl.eu\/wp-content\/uploads\/2023\/04\/qTONDO_WEB-copia-2-150x150.png 150w,https:\/\/www.oltresrl.eu\/wp-content\/uploads\/2023\/04\/qTONDO_WEB-copia-2-300x300.png 300w,https:\/\/www.oltresrl.eu\/wp-content\/uploads\/2023\/04\/qTONDO_WEB-copia-2-100x100.png 100w\" data-ratio=\"1\" data-original-w=\"332\" sizes=\"(max-width:479px) 480px,(max-width:767px) 768px,(max-width:1023px) 1024px,100px\" \/>                                                    <\/div>\n                <\/div>\n            \n            <div class=\"aux-text-inner aux-text-widget-content\">\n                                <div class=\"widget-content\">\n                                        <p>PINA BASTI<\/p><p><em>General Manager People Strategy Nxs Oltre<\/em><\/p>                <\/div>\n                            <\/div>\n        <\/div>\n                    <div class=\"aux-text-widget-footer\">\n                <div class=\"aux-border-shape-none \">\n                                <\/div>\n            <\/div>\n        \n<\/section><!-- widget-container -->\t\t\t\t<\/div>\n\t\t\t\t<\/div>\n\t\t\t\t\t<\/div>\n\t\t<\/div>\n\t\t\t\t\t<\/div>\n\t\t<\/section>\n\t\t\t\t\t<\/div>\n\t\t<\/div>\n\t\t\t\t\t<\/div>\n\t\t<\/section>\n\t\t\t\t<section class=\"elementor-section elementor-top-section elementor-element elementor-element-8c09088 elementor-section-boxed elementor-section-height-default elementor-section-height-default\" data-id=\"8c09088\" data-element_type=\"section\" data-e-type=\"section\" data-settings=\"{&quot;background_background&quot;:&quot;classic&quot;}\">\n\t\t\t\t\t\t<div class=\"elementor-container elementor-column-gap-default\">\n\t\t\t\t\t<div class=\"aux-parallax-section elementor-column elementor-col-100 elementor-top-column elementor-element elementor-element-71500b8\" data-id=\"71500b8\" data-element_type=\"column\" data-e-type=\"column\">\n\t\t\t<div class=\"elementor-widget-wrap elementor-element-populated\">\n\t\t\t\t\t\t<div class=\"elementor-element elementor-element-5e4f534 elementor-widget-divider--view-line elementor-widget elementor-widget-divider\" data-id=\"5e4f534\" data-element_type=\"widget\" data-e-type=\"widget\" data-widget_type=\"divider.default\">\n\t\t\t\t<div class=\"elementor-widget-container\">\n\t\t\t\t\t\t\t<div class=\"elementor-divider\">\n\t\t\t<span class=\"elementor-divider-separator\">\n\t\t\t\t\t\t<\/span>\n\t\t<\/div>\n\t\t\t\t\t\t<\/div>\n\t\t\t\t<\/div>\n\t\t\t\t\t<\/div>\n\t\t<\/div>\n\t\t\t\t\t<\/div>\n\t\t<\/section>\n\t\t\t\t<section class=\"elementor-section elementor-top-section elementor-element elementor-element-436134e elementor-section-boxed elementor-section-height-default elementor-section-height-default\" data-id=\"436134e\" data-element_type=\"section\" data-e-type=\"section\">\n\t\t\t\t\t\t<div class=\"elementor-container elementor-column-gap-default\">\n\t\t\t\t\t<div class=\"aux-parallax-section elementor-column elementor-col-100 elementor-top-column elementor-element elementor-element-00f41c3\" data-id=\"00f41c3\" data-element_type=\"column\" data-e-type=\"column\">\n\t\t\t<div class=\"elementor-widget-wrap elementor-element-populated\">\n\t\t\t\t\t\t<div class=\"elementor-element elementor-element-d19e8e4 elementor-widget elementor-widget-spacer\" data-id=\"d19e8e4\" data-element_type=\"widget\" data-e-type=\"widget\" data-widget_type=\"spacer.default\">\n\t\t\t\t<div class=\"elementor-widget-container\">\n\t\t\t\t\t\t\t<div class=\"elementor-spacer\">\n\t\t\t<div class=\"elementor-spacer-inner\"><\/div>\n\t\t<\/div>\n\t\t\t\t\t\t<\/div>\n\t\t\t\t<\/div>\n\t\t\t\t<div class=\"elementor-element elementor-element-93acbba elementor-widget elementor-widget-heading\" data-id=\"93acbba\" data-element_type=\"widget\" data-e-type=\"widget\" data-widget_type=\"heading.default\">\n\t\t\t\t<div class=\"elementor-widget-container\">\n\t\t\t\t\t<h1 class=\"elementor-heading-title elementor-size-default\">Perch\u00e9 aderire all'accademia CONFIMI<\/h1>\t\t\t\t<\/div>\n\t\t\t\t<\/div>\n\t\t\t\t\t<\/div>\n\t\t<\/div>\n\t\t\t\t\t<\/div>\n\t\t<\/section>\n\t\t\t\t<section class=\"elementor-section elementor-top-section elementor-element elementor-element-3fc488a elementor-section-boxed elementor-section-height-default elementor-section-height-default\" data-id=\"3fc488a\" data-element_type=\"section\" data-e-type=\"section\">\n\t\t\t\t\t\t<div class=\"elementor-container elementor-column-gap-default\">\n\t\t\t\t\t<div class=\"aux-parallax-section elementor-column elementor-col-100 elementor-top-column elementor-element elementor-element-82c3cba\" data-id=\"82c3cba\" data-element_type=\"column\" data-e-type=\"column\">\n\t\t\t<div class=\"elementor-widget-wrap elementor-element-populated\">\n\t\t\t\t\t\t<div class=\"elementor-element elementor-element-5088bfd elementor-widget elementor-widget-heading\" data-id=\"5088bfd\" data-element_type=\"widget\" data-e-type=\"widget\" data-widget_type=\"heading.default\">\n\t\t\t\t<div class=\"elementor-widget-container\">\n\t\t\t\t\t<h2 class=\"elementor-heading-title elementor-size-default\">I VANTAGGI<\/h2>\t\t\t\t<\/div>\n\t\t\t\t<\/div>\n\t\t\t\t\t<\/div>\n\t\t<\/div>\n\t\t\t\t\t<\/div>\n\t\t<\/section>\n\t\t\t\t<section class=\"elementor-section elementor-top-section elementor-element elementor-element-4a7309f elementor-section-boxed elementor-section-height-default elementor-section-height-default\" data-id=\"4a7309f\" data-element_type=\"section\" data-e-type=\"section\">\n\t\t\t\t\t\t<div class=\"elementor-container elementor-column-gap-default\">\n\t\t\t\t\t<div class=\"aux-parallax-section elementor-column elementor-col-16 elementor-top-column elementor-element elementor-element-adc4e1f\" data-id=\"adc4e1f\" data-element_type=\"column\" data-e-type=\"column\">\n\t\t\t<div class=\"elementor-widget-wrap elementor-element-populated\">\n\t\t\t\t\t\t<div class=\"elementor-element elementor-element-514b605 aux-appear-watch-animation aux-fade-in-up elementor-widget__width-initial elementor-widget elementor-widget-aux_text\" data-id=\"514b605\" data-element_type=\"widget\" data-e-type=\"widget\" data-widget_type=\"aux_text.default\">\n\t\t\t\t<div class=\"elementor-widget-container\">\n\t\t\t\t\t<section class=\"widget-container aux-widget-text aux-parent-auc2e2ac89\">        <div class=\"aux-widget-advanced-text aux-wrap-style-simple aux-ico-pos-top aux-text-center aux-text-resp- aux-text-color-dark aux-text-widget-bg-center  \" >\n        \n                            <div class=\"aux-text-widget-header \"  >\n                        <div class=\"aux-ico-box aux-ico-large aux-img-box aux-ico-shape-circle aux-ico-clear \">\n                                                                <img loading=\"lazy\" decoding=\"async\" width=\"300\" height=\"300\" src=\"https:\/\/www.oltresrl.eu\/wp-content\/uploads\/2023\/04\/ANALISI-JOB-PROFILE.png\" class=\"aux-attachment aux-featured-image aux-attachment-id-12745\" alt=\"ANALISI JOB PROFILE\" data-ratio=\"1\" data-original-w=\"300\" \/>                                                    <\/div>\n                <\/div>\n            \n            <div class=\"aux-text-inner aux-text-widget-content\">\n                                <div class=\"widget-content\">\n                                        <p>ANALISI<br \/>JOB PROFILE<\/p>                <\/div>\n                            <\/div>\n        <\/div>\n                    <div class=\"aux-text-widget-footer\">\n                <div class=\"aux-border-shape-none \">\n                                <\/div>\n            <\/div>\n        \n<\/section><!-- widget-container -->\t\t\t\t<\/div>\n\t\t\t\t<\/div>\n\t\t\t\t\t<\/div>\n\t\t<\/div>\n\t\t\t\t<div class=\"aux-parallax-section elementor-column elementor-col-16 elementor-top-column elementor-element elementor-element-35e3172\" data-id=\"35e3172\" data-element_type=\"column\" data-e-type=\"column\">\n\t\t\t<div class=\"elementor-widget-wrap elementor-element-populated\">\n\t\t\t\t\t\t<div class=\"elementor-element elementor-element-70fa0b5 aux-appear-watch-animation aux-fade-in-up elementor-widget elementor-widget-aux_text\" data-id=\"70fa0b5\" data-element_type=\"widget\" data-e-type=\"widget\" data-widget_type=\"aux_text.default\">\n\t\t\t\t<div class=\"elementor-widget-container\">\n\t\t\t\t\t<section class=\"widget-container aux-widget-text aux-parent-au0364cfba\">        <div class=\"aux-widget-advanced-text aux-wrap-style-simple aux-ico-pos-top aux-text-center aux-text-resp- aux-text-color-dark aux-text-widget-bg-center  \" >\n        \n                            <div class=\"aux-text-widget-header \"  >\n                        <div class=\"aux-ico-box aux-ico-large aux-img-box aux-ico-shape-default aux-ico-clear \">\n                                                                <img loading=\"lazy\" decoding=\"async\" width=\"300\" height=\"300\" src=\"https:\/\/www.oltresrl.eu\/wp-content\/uploads\/2023\/04\/CORSI-DI-FORMAZIONE-SU-MISURA.png\" class=\"aux-attachment aux-featured-image aux-attachment-id-12747\" alt=\"CORSI DI FORMAZIONE SU MISURA\" data-ratio=\"1\" data-original-w=\"300\" \/>                                                    <\/div>\n                <\/div>\n            \n            <div class=\"aux-text-inner aux-text-widget-content\">\n                                <div class=\"widget-content\">\n                                        CORSI DI FORMAZIONE SU MISURA                <\/div>\n                            <\/div>\n        <\/div>\n                    <div class=\"aux-text-widget-footer\">\n                <div class=\"aux-border-shape-none \">\n                                <\/div>\n            <\/div>\n        \n<\/section><!-- widget-container -->\t\t\t\t<\/div>\n\t\t\t\t<\/div>\n\t\t\t\t\t<\/div>\n\t\t<\/div>\n\t\t\t\t<div class=\"aux-parallax-section elementor-column elementor-col-16 elementor-top-column elementor-element elementor-element-0a4ad4f\" data-id=\"0a4ad4f\" data-element_type=\"column\" data-e-type=\"column\">\n\t\t\t<div class=\"elementor-widget-wrap elementor-element-populated\">\n\t\t\t\t\t\t<div class=\"elementor-element elementor-element-d9269f6 aux-appear-watch-animation aux-fade-in-up elementor-widget elementor-widget-aux_text\" data-id=\"d9269f6\" data-element_type=\"widget\" data-e-type=\"widget\" data-widget_type=\"aux_text.default\">\n\t\t\t\t<div class=\"elementor-widget-container\">\n\t\t\t\t\t<section class=\"widget-container aux-widget-text aux-parent-aua10bb99d\">        <div class=\"aux-widget-advanced-text aux-wrap-style-simple aux-ico-pos-top aux-text-center aux-text-resp- aux-text-color-dark aux-text-widget-bg-center  \" >\n        \n                            <div class=\"aux-text-widget-header \"  >\n                        <div class=\"aux-ico-box aux-ico-large aux-img-box aux-ico-shape-default aux-ico-clear \">\n                                                                <img loading=\"lazy\" decoding=\"async\" width=\"300\" height=\"300\" src=\"https:\/\/www.oltresrl.eu\/wp-content\/uploads\/2023\/04\/TALENTI-GIA-FORMATI.png\" class=\"aux-attachment aux-featured-image aux-attachment-id-12744\" alt=\"TALENTI GIA FORMATI\" data-ratio=\"1\" data-original-w=\"300\" \/>                                                    <\/div>\n                <\/div>\n            \n            <div class=\"aux-text-inner aux-text-widget-content\">\n                                <div class=\"widget-content\">\n                                        <p>TALENTI GI\u00c0 FORMATI E MOTIVATI<\/p>                <\/div>\n                            <\/div>\n        <\/div>\n                    <div class=\"aux-text-widget-footer\">\n                <div class=\"aux-border-shape-none \">\n                                <\/div>\n            <\/div>\n        \n<\/section><!-- widget-container -->\t\t\t\t<\/div>\n\t\t\t\t<\/div>\n\t\t\t\t\t<\/div>\n\t\t<\/div>\n\t\t\t\t<div class=\"aux-parallax-section elementor-column elementor-col-16 elementor-top-column elementor-element elementor-element-7f3c6b6\" data-id=\"7f3c6b6\" data-element_type=\"column\" data-e-type=\"column\">\n\t\t\t<div class=\"elementor-widget-wrap elementor-element-populated\">\n\t\t\t\t\t\t<div class=\"elementor-element elementor-element-c00635b aux-appear-watch-animation aux-fade-in-up elementor-widget elementor-widget-aux_text\" data-id=\"c00635b\" data-element_type=\"widget\" data-e-type=\"widget\" data-widget_type=\"aux_text.default\">\n\t\t\t\t<div class=\"elementor-widget-container\">\n\t\t\t\t\t<section class=\"widget-container aux-widget-text aux-parent-auedf49c64\">        <div class=\"aux-widget-advanced-text aux-wrap-style-simple aux-ico-pos-top aux-text-center aux-text-resp- aux-text-color-dark aux-text-widget-bg-center  \" >\n        \n                            <div class=\"aux-text-widget-header \"  >\n                        <div class=\"aux-ico-box aux-ico-large aux-img-box aux-ico-shape-default aux-ico-clear \">\n                                                                <img loading=\"lazy\" decoding=\"async\" width=\"300\" height=\"300\" src=\"https:\/\/www.oltresrl.eu\/wp-content\/uploads\/2023\/04\/EVENTI-E-WORKSHOP-ESCLUSIVI.png\" class=\"aux-attachment aux-featured-image aux-attachment-id-12742\" alt=\"EVENTI E WORKSHOP ESCLUSIVI\" data-ratio=\"1\" data-original-w=\"300\" \/>                                                    <\/div>\n                <\/div>\n            \n            <div class=\"aux-text-inner aux-text-widget-content\">\n                                <div class=\"widget-content\">\n                                        <p>EVENTI E WORKSHOP ESCLUSIVI<\/p>                <\/div>\n                            <\/div>\n        <\/div>\n                    <div class=\"aux-text-widget-footer\">\n                <div class=\"aux-border-shape-none \">\n                                <\/div>\n            <\/div>\n        \n<\/section><!-- widget-container -->\t\t\t\t<\/div>\n\t\t\t\t<\/div>\n\t\t\t\t\t<\/div>\n\t\t<\/div>\n\t\t\t\t<div class=\"aux-parallax-section elementor-column elementor-col-16 elementor-top-column elementor-element elementor-element-bca6340\" data-id=\"bca6340\" data-element_type=\"column\" data-e-type=\"column\">\n\t\t\t<div class=\"elementor-widget-wrap elementor-element-populated\">\n\t\t\t\t\t\t<div class=\"elementor-element elementor-element-8b17ce3 aux-appear-watch-animation aux-fade-in-up elementor-widget elementor-widget-aux_text\" data-id=\"8b17ce3\" data-element_type=\"widget\" data-e-type=\"widget\" data-widget_type=\"aux_text.default\">\n\t\t\t\t<div class=\"elementor-widget-container\">\n\t\t\t\t\t<section class=\"widget-container aux-widget-text aux-parent-au80353665\">        <div class=\"aux-widget-advanced-text aux-wrap-style-simple aux-ico-pos-top aux-text-center aux-text-resp- aux-text-color-dark aux-text-widget-bg-center  \" >\n        \n                            <div class=\"aux-text-widget-header \"  >\n                        <div class=\"aux-ico-box aux-ico-large aux-img-box aux-ico-shape-default aux-ico-clear \">\n                                                                <img loading=\"lazy\" decoding=\"async\" width=\"300\" height=\"300\" src=\"https:\/\/www.oltresrl.eu\/wp-content\/uploads\/2023\/04\/SINERGIA-TRA-AZIENDE.png\" class=\"aux-attachment aux-featured-image aux-attachment-id-12743\" alt=\"SINERGIA TRA AZIENDE\" data-ratio=\"1\" data-original-w=\"300\" \/>                                                    <\/div>\n                <\/div>\n            \n            <div class=\"aux-text-inner aux-text-widget-content\">\n                                <div class=\"widget-content\">\n                                        <p>SINERGIA FRA AZIENDE DEL SETTORE<\/p>                <\/div>\n                            <\/div>\n        <\/div>\n                    <div class=\"aux-text-widget-footer\">\n                <div class=\"aux-border-shape-none \">\n                                <\/div>\n            <\/div>\n        \n<\/section><!-- widget-container -->\t\t\t\t<\/div>\n\t\t\t\t<\/div>\n\t\t\t\t\t<\/div>\n\t\t<\/div>\n\t\t\t\t<div class=\"aux-parallax-section elementor-column elementor-col-16 elementor-top-column elementor-element elementor-element-ce09260\" data-id=\"ce09260\" data-element_type=\"column\" data-e-type=\"column\">\n\t\t\t<div class=\"elementor-widget-wrap elementor-element-populated\">\n\t\t\t\t\t\t<div class=\"elementor-element elementor-element-2c4e280 aux-appear-watch-animation aux-fade-in-up elementor-widget elementor-widget-aux_text\" data-id=\"2c4e280\" data-element_type=\"widget\" data-e-type=\"widget\" data-widget_type=\"aux_text.default\">\n\t\t\t\t<div class=\"elementor-widget-container\">\n\t\t\t\t\t<section class=\"widget-container aux-widget-text aux-parent-au9e7e2aad\">        <div class=\"aux-widget-advanced-text aux-wrap-style-simple aux-ico-pos-top aux-text-center aux-text-resp- aux-text-color-dark aux-text-widget-bg-center  \" >\n        \n                            <div class=\"aux-text-widget-header \"  >\n                        <div class=\"aux-ico-box aux-ico-large aux-img-box aux-ico-shape-default aux-ico-clear \">\n                                                                <img loading=\"lazy\" decoding=\"async\" width=\"300\" height=\"300\" src=\"https:\/\/www.oltresrl.eu\/wp-content\/uploads\/2023\/04\/CONDIVISIONE-BEST-PRACTICE.png\" class=\"aux-attachment aux-featured-image aux-attachment-id-12746\" alt=\"CONDIVISIONE BEST PRACTICE\" data-ratio=\"1\" data-original-w=\"300\" \/>                                                    <\/div>\n                <\/div>\n            \n            <div class=\"aux-text-inner aux-text-widget-content\">\n                                <div class=\"widget-content\">\n                                        <p>CONDIVISIONE BEST PRACTICE<\/p>                <\/div>\n                            <\/div>\n        <\/div>\n                    <div class=\"aux-text-widget-footer\">\n                <div class=\"aux-border-shape-none \">\n                                <\/div>\n            <\/div>\n        \n<\/section><!-- widget-container -->\t\t\t\t<\/div>\n\t\t\t\t<\/div>\n\t\t\t\t\t<\/div>\n\t\t<\/div>\n\t\t\t\t\t<\/div>\n\t\t<\/section>\n\t\t\t\t<section class=\"elementor-section elementor-top-section elementor-element elementor-element-5ab84a8 elementor-section-full_width elementor-section-stretched elementor-section-height-default elementor-section-height-default\" data-id=\"5ab84a8\" data-element_type=\"section\" data-e-type=\"section\" data-settings=\"{&quot;stretch_section&quot;:&quot;section-stretched&quot;}\">\n\t\t\t\t\t\t<div class=\"elementor-container elementor-column-gap-default\">\n\t\t\t\t\t<div class=\"aux-parallax-section elementor-column elementor-col-100 elementor-top-column elementor-element elementor-element-abbcde2\" data-id=\"abbcde2\" data-element_type=\"column\" data-e-type=\"column\" data-settings=\"{&quot;background_background&quot;:&quot;classic&quot;}\">\n\t\t\t<div class=\"elementor-widget-wrap elementor-element-populated\">\n\t\t\t\t\t\t<div class=\"elementor-element elementor-element-cbfa990 elementor-widget elementor-widget-heading\" data-id=\"cbfa990\" data-element_type=\"widget\" data-e-type=\"widget\" data-widget_type=\"heading.default\">\n\t\t\t\t<div class=\"elementor-widget-container\">\n\t\t\t\t\t<h1 class=\"elementor-heading-title elementor-size-default\">LE AZIENDE<\/h1>\t\t\t\t<\/div>\n\t\t\t\t<\/div>\n\t\t\t\t\t<\/div>\n\t\t<\/div>\n\t\t\t\t\t<\/div>\n\t\t<\/section>\n\t\t\t\t<section class=\"elementor-section elementor-top-section elementor-element elementor-element-bfd3fb1 elementor-section-boxed elementor-section-height-default elementor-section-height-default\" data-id=\"bfd3fb1\" data-element_type=\"section\" data-e-type=\"section\">\n\t\t\t\t\t\t<div class=\"elementor-container elementor-column-gap-default\">\n\t\t\t\t\t<div class=\"aux-parallax-section elementor-column elementor-col-100 elementor-top-column elementor-element elementor-element-8084428\" data-id=\"8084428\" data-element_type=\"column\" data-e-type=\"column\" data-settings=\"{&quot;background_background&quot;:&quot;classic&quot;}\">\n\t\t\t<div class=\"elementor-widget-wrap elementor-element-populated\">\n\t\t\t\t\t\t<div data-ep-wrapper-link=\"{&quot;url&quot;:&quot;http:\\\/\\\/lazzaronibiscotti.it\\\/&quot;,&quot;is_external&quot;:&quot;&quot;,&quot;nofollow&quot;:&quot;&quot;,&quot;custom_attributes&quot;:&quot;&quot;}\" style=\"cursor: pointer\" class=\"bdt-element-link elementor-element elementor-element-50e16b5 elementor-position-top elementor-widget elementor-widget-image-box\" data-id=\"50e16b5\" data-element_type=\"widget\" data-e-type=\"widget\" data-widget_type=\"image-box.default\">\n\t\t\t\t<div class=\"elementor-widget-container\">\n\t\t\t\t\t<div class=\"elementor-image-box-wrapper\"><figure class=\"elementor-image-box-img\"><a href=\"https:\/\/www.waltertosto.it\/it\/\" tabindex=\"-1\"><img loading=\"lazy\" decoding=\"async\" width=\"558\" height=\"90\" src=\"https:\/\/www.oltresrl.eu\/wp-content\/uploads\/2023\/08\/logo-walter-tosto.png\" class=\"attachment-full size-full wp-image-14264\" alt=\"\" \/><\/a><\/figure><div class=\"elementor-image-box-content\"><h3 class=\"elementor-image-box-title\"><a href=\"https:\/\/www.waltertosto.it\/it\/\">Walter Tosto SpA<\/a><\/h3><p class=\"elementor-image-box-description\"><p><B>Walter Tosto SpA<\/B> fornisce da oltre sessant'anni soluzioni tecnologiche innovative a clienti dell\u2019industria globale che operano in una vasta gamma di settori, tra cui l\u2019Oil &amp; Gas, l'Industria Chimica, il Petrolchimico, l'Energia e il Nucleare.<\/p>\n<p>La chiave del successo di Walter Tosto SpA risiede nel <B>team di professionisti altamente qualificati e dedicati<\/B>. Ingegneri, tecnici e esperti del settore, lavorano insieme per sviluppare soluzioni personalizzate che soddisfano le esigenze specifiche di ciascun cliente. La collaborazione e il know-how condiviso sono i pilastri fondamentali dell\u2019azienda.<\/p><\/div><\/div>\t\t\t\t<\/div>\n\t\t\t\t<\/div>\n\t\t\t\t<div class=\"elementor-element elementor-element-e99cfb9 elementor-widget elementor-widget-bdt-accordion\" data-id=\"e99cfb9\" data-element_type=\"widget\" data-e-type=\"widget\" data-widget_type=\"bdt-accordion.default\">\n\t\t\t\t<div class=\"elementor-widget-container\">\n\t\t\t\t\t\t\t<div class=\"bdt-ep-accordion-container\">\n\t\t\t<div id=\"bdt-ep-accordion-e99cfb9\" class=\"bdt-ep-accordion bdt-accordion\" data-bdt-accordion=\"{&quot;collapsible&quot;:true,&quot;multiple&quot;:false,&quot;transition&quot;:&quot;ease-in-out&quot;}\" \t\tdata-settings=\"{&quot;id&quot;:&quot;bdt-ep-accordion-e99cfb9&quot;,&quot;activeHash&quot;:&quot;no&quot;,&quot;activeScrollspy&quot;:null,&quot;hashTopOffset&quot;:false,&quot;hashScrollspyTime&quot;:false}\">\n\t\t\t\t\t\t\t\t\t<div class=\"bdt-ep-accordion-item\">\n\t\t\t\t\t\t<p\t\t\t\t\t\t\tclass=\"bdt-ep-accordion-title bdt-accordion-title bdt-flex bdt-flex-middle \" id=\"\n\t\t\t\t\t\t\tbdt-ep-accordion-perch-walter-tosto-spa-sceglie-di-aderire-allaccademia\"\n\t\t\t\t\t\t\tdata-accordion-index=\"0\" data-title=\"perch-walter-tosto-spa-sceglie-di-aderire-all-039-accademia\">\n\n\t\t\t\t\t\t\t\t\t\t\t\t\t\t\t<span class=\"bdt-ep-accordion-icon bdt-flex-align-left\"\n\t\t\t\t\t\t\t\t\taria-hidden=\"true\">\n\n\t\t\t\t\t\t\t\t\t\t\t\t\t\t\t\t\t\t\t<span class=\"bdt-ep-accordion-icon-closed\">\n\t\t\t\t\t\t\t\t\t\t\t<svg aria-hidden=\"true\" class=\"fa-fw e-font-icon-svg e-fas-plus\" viewBox=\"0 0 448 512\" xmlns=\"http:\/\/www.w3.org\/2000\/svg\"><path d=\"M416 208H272V64c0-17.67-14.33-32-32-32h-32c-17.67 0-32 14.33-32 32v144H32c-17.67 0-32 14.33-32 32v32c0 17.67 14.33 32 32 32h144v144c0 17.67 14.33 32 32 32h32c17.67 0 32-14.33 32-32V304h144c17.67 0 32-14.33 32-32v-32c0-17.67-14.33-32-32-32z\"><\/path><\/svg>\t\t\t\t\t\t\t\t\t\t<\/span>\n\t\t\t\t\t\t\t\t\t\n\t\t\t\t\t\t\t\t\t\t\t\t\t\t\t\t\t\t\t<span class=\"bdt-ep-accordion-icon-opened\">\n\t\t\t\t\t\t\t\t\t\t\t<svg aria-hidden=\"true\" class=\"fa-fw e-font-icon-svg e-fas-minus\" viewBox=\"0 0 448 512\" xmlns=\"http:\/\/www.w3.org\/2000\/svg\"><path d=\"M416 208H32c-17.67 0-32 14.33-32 32v32c0 17.67 14.33 32 32 32h384c17.67 0 32-14.33 32-32v-32c0-17.67-14.33-32-32-32z\"><\/path><\/svg>\t\t\t\t\t\t\t\t\t\t<\/span>\n\t\t\t\t\t\t\t\t\t\n\t\t\t\t\t\t\t\t<\/span>\n\t\t\t\t\t\t\t\n\t\t\t\t\t\t\t<span role=\"heading\" class=\"bdt-ep-title-text bdt-display-inline-block\" >\n\n\t\t\t\t\t\t\t\t\t\t\t\t\t\t\t\tPerch\u00e8 Walter Tosto SPA sceglie di aderire all&#039;Accademia \t\t\t\t\t\t\t<\/span>\n\n\t\t\t\t\t\t<\/p>\n\t\t\t\t\t\t<div class=\"bdt-ep-accordion-content bdt-accordion-content\">\n\t\t\t\t\t\t\t<p>Una parte significativa del valore generato dall&#8217;azienda deriva dalle sue risorse umane. Fermamente consapevole di questo principio, Walter Tosto investe continuamente nello sviluppo delle capacit\u00e0 e delle competenze delle persone.<br \/>L\u2019azienda \u00e8 alla ricerca costante di figure professionali che posseggano competenze specifiche nella progettazione e realizzazione di apparecchi critici per i processi industriali e offre da sempre, ai giovani interessati ad intraprendere una carriera all&#8217;interno del gruppo, l&#8217;opportunit\u00e0 di acquisire tutte le competenze necessarie.<br \/>Negli ultimi dieci anni sono state formate con successo oltre 500 persone attraverso percorsi di formazione organizzati internamente dall\u2019azienda in collaborazione con enti, scuole ed universit\u00e0. Oltre il 60% dei partecipanti qualificati \u00e8 stato integrato all\u2019interno dell\u2019organico aziendale.<br \/>Walter Tosto SpA, affiliata a Confimi Industria Abruzzo, \u00e8 orgogliosa di essere la prima realt\u00e0 dell\u2019Associazione a partecipare all&#8217;Accademia Permanente Confimi Abruzzo. Al fine di garantire una formazione specifica altamente professionalizzante, l\u2019azienda mette a disposizione del percorso formativo i propri professionisti ed esperti che supporteranno i partecipanti nello lo svolgimento delle attivit\u00e0 formative, sia teoriche che pratiche. Con questo passo avanti, Walter Tosto rafforza ulteriormente il suo impegno per l&#8217;eccellenza e il progresso nel settore industriale, dimostrando la sua dedizione alla crescita professionale dei talenti locali.<\/p>\t\t\t\t\t\t<\/div>\n\t\t\t\t\t<\/div>\n\t\t\t\t\t\t\t<\/div>\n\t\t<\/div>\n\t\t\t\t\t\t<\/div>\n\t\t\t\t<\/div>\n\t\t\t\t\t<\/div>\n\t\t<\/div>\n\t\t\t\t\t<\/div>\n\t\t<\/section>\n\t\t\t\t<section class=\"elementor-section elementor-top-section elementor-element elementor-element-1ee2344 elementor-section-boxed elementor-section-height-default elementor-section-height-default\" data-id=\"1ee2344\" data-element_type=\"section\" data-e-type=\"section\">\n\t\t\t\t\t\t<div class=\"elementor-container elementor-column-gap-default\">\n\t\t\t\t\t<div class=\"aux-parallax-section elementor-column elementor-col-100 elementor-top-column elementor-element elementor-element-21ce995\" data-id=\"21ce995\" data-element_type=\"column\" data-e-type=\"column\">\n\t\t\t<div class=\"elementor-widget-wrap elementor-element-populated\">\n\t\t\t\t\t\t<div class=\"elementor-element elementor-element-14596fa elementor-widget elementor-widget-spacer\" data-id=\"14596fa\" data-element_type=\"widget\" data-e-type=\"widget\" data-widget_type=\"spacer.default\">\n\t\t\t\t<div class=\"elementor-widget-container\">\n\t\t\t\t\t\t\t<div class=\"elementor-spacer\">\n\t\t\t<div class=\"elementor-spacer-inner\"><\/div>\n\t\t<\/div>\n\t\t\t\t\t\t<\/div>\n\t\t\t\t<\/div>\n\t\t\t\t\t<\/div>\n\t\t<\/div>\n\t\t\t\t\t<\/div>\n\t\t<\/section>\n\t\t\t\t<section class=\"elementor-section elementor-top-section elementor-element elementor-element-2d70c65 elementor-section-boxed elementor-section-height-default elementor-section-height-default\" data-id=\"2d70c65\" data-element_type=\"section\" data-e-type=\"section\">\n\t\t\t\t\t\t<div class=\"elementor-container elementor-column-gap-default\">\n\t\t\t\t\t<div class=\"aux-parallax-section elementor-column elementor-col-100 elementor-top-column elementor-element elementor-element-dca16f9\" data-id=\"dca16f9\" data-element_type=\"column\" data-e-type=\"column\">\n\t\t\t<div class=\"elementor-widget-wrap elementor-element-populated\">\n\t\t\t\t\t\t<div class=\"elementor-element elementor-element-1e6fd06 elementor-widget elementor-widget-heading\" data-id=\"1e6fd06\" data-element_type=\"widget\" data-e-type=\"widget\" data-widget_type=\"heading.default\">\n\t\t\t\t<div class=\"elementor-widget-container\">\n\t\t\t\t\t<h1 class=\"elementor-heading-title elementor-size-default\">Aderisci all'Accademia Confimi <br>e partecipa a tutte le iniziative proposte<\/h1>\t\t\t\t<\/div>\n\t\t\t\t<\/div>\n\t\t\t\t\t<\/div>\n\t\t<\/div>\n\t\t\t\t\t<\/div>\n\t\t<\/section>\n\t\t\t\t<section class=\"elementor-section elementor-top-section elementor-element elementor-element-4e3b1f4 elementor-section-boxed elementor-section-height-default elementor-section-height-default\" data-id=\"4e3b1f4\" data-element_type=\"section\" data-e-type=\"section\" data-settings=\"{&quot;background_background&quot;:&quot;classic&quot;}\">\n\t\t\t\t\t\t<div class=\"elementor-container elementor-column-gap-default\">\n\t\t\t\t\t<div class=\"aux-parallax-section elementor-column elementor-col-100 elementor-top-column elementor-element elementor-element-a1d3c58\" data-id=\"a1d3c58\" data-element_type=\"column\" data-e-type=\"column\">\n\t\t\t<div class=\"elementor-widget-wrap elementor-element-populated\">\n\t\t\t\t\t\t<div class=\"elementor-element elementor-element-360dd02 elementor-widget elementor-widget-html\" data-id=\"360dd02\" data-element_type=\"widget\" data-e-type=\"widget\" data-widget_type=\"html.default\">\n\t\t\t\t<div class=\"elementor-widget-container\">\n\t\t\t\t\t<div id=\"form-wrapper\" style=\"width:100%;border-radius:4px;\"><\/div>\n\n<script>\n  document.addEventListener(\"DOMContentLoaded\", function () {\n    \/\/ Legge il titolo della pagina (es: \"Corso gratuito logistica \u2013 Oltresrl\")\n    var pagina = document.title.trim();\n    var paginaCodificata = encodeURIComponent(pagina);\n\n    \/\/ Costruisce l\u2019iframe dinamico con il parametro pagina_di_provenienza\n    var iframe = document.createElement(\"iframe\");\n    iframe.src = \"https:\/\/link.delera.co\/widget\/form\/hVUJnd5PuGR7rhsNW0G5?pagina_provenienza=\" + paginaCodificata;\n    iframe.style.width = \"100%\";\n    iframe.style.height = \"647px\";\n    iframe.style.border = \"none\";\n    iframe.style.borderRadius = \"4px\";\n    iframe.id = \"inline-hVUJnd5PuGR7rhsNW0G5\";\n\n    \/\/ Inserisce l\u2019iframe nella pagina\n    document.getElementById(\"form-wrapper\").appendChild(iframe);\n\n    \/\/ Carica lo script Delera DOPO che l\u2019iframe \u00e8 stato inserito\n    var script = document.createElement(\"script\");\n    script.src = \"https:\/\/link.delera.co\/js\/form_embed.js\";\n    document.body.appendChild(script);\n  });\n<\/script>\t\t\t\t<\/div>\n\t\t\t\t<\/div>\n\t\t\t\t\t<\/div>\n\t\t<\/div>\n\t\t\t\t\t<\/div>\n\t\t<\/section>\n\t\t\t\t<section class=\"elementor-section elementor-top-section elementor-element elementor-element-95df2e5 elementor-section-boxed elementor-section-height-default elementor-section-height-default\" data-id=\"95df2e5\" data-element_type=\"section\" data-e-type=\"section\">\n\t\t\t\t\t\t<div class=\"elementor-container elementor-column-gap-default\">\n\t\t\t\t\t<div class=\"aux-parallax-section elementor-column elementor-col-100 elementor-top-column elementor-element elementor-element-a994769\" data-id=\"a994769\" data-element_type=\"column\" data-e-type=\"column\">\n\t\t\t<div class=\"elementor-widget-wrap elementor-element-populated\">\n\t\t\t\t\t\t<div class=\"elementor-element elementor-element-c56993f elementor-widget elementor-widget-heading\" data-id=\"c56993f\" data-element_type=\"widget\" data-e-type=\"widget\" data-widget_type=\"heading.default\">\n\t\t\t\t<div class=\"elementor-widget-container\">\n\t\t\t\t\t<h2 class=\"elementor-heading-title elementor-size-default\">Dicono di noi<\/h2>\t\t\t\t<\/div>\n\t\t\t\t<\/div>\n\t\t\t\t\t<\/div>\n\t\t<\/div>\n\t\t\t\t\t<\/div>\n\t\t<\/section>\n\t\t\t\t<section class=\"elementor-section elementor-top-section elementor-element elementor-element-5cf6259 elementor-section-boxed elementor-section-height-default elementor-section-height-default\" data-id=\"5cf6259\" data-element_type=\"section\" data-e-type=\"section\">\n\t\t\t\t\t\t<div class=\"elementor-container elementor-column-gap-default\">\n\t\t\t\t\t<div class=\"aux-parallax-section elementor-column elementor-col-100 elementor-top-column elementor-element elementor-element-937d48a\" data-id=\"937d48a\" data-element_type=\"column\" data-e-type=\"column\">\n\t\t\t<div class=\"elementor-widget-wrap elementor-element-populated\">\n\t\t\t\t\t\t<div class=\"elementor-element elementor-element-1f312ba elementor-widget elementor-widget-text-editor\" data-id=\"1f312ba\" data-element_type=\"widget\" data-e-type=\"widget\" data-widget_type=\"text-editor.default\">\n\t\t\t\t<div class=\"elementor-widget-container\">\n\t\t\t\t\t\t\t\t\t<p><div class=\"strong-view strong-view-id-2 default wpmtst-default slider-container slider-mode-horizontal slider-adaptive controls-type-sides controls-style-buttons\" data-count=\"28\" data-slider-var=\"strong_slider_id_2\" data-state=\"idle\"><div class=\"strong-content wpmslider-content\"><div class=\"wpmtst-testimonial testimonial t-slide post-6362\"><div class=\"wpmtst-testimonial-inner testimonial-inner\"><h3 class=\"wpmtst-testimonial-heading testimonial-heading\">Simone<\/h3><div data-infinite-loop=\"true\"   class=\"wpmtst-testimonial-content testimonial-content\"><div class=\"maybe-clear\"><\/div><p>Docenti preparati che hanno reso le lezioni sempre interessanti. Una buonissima formazione che riesce a mettere in risalto le proprie capacit\u00e0 e, soprattutto, ad acquisire nuove competenze. &#8220;Consigli Oltre? Assolutamente s\u00ec!&#8221;<\/p><\/div><div class=\"wpmtst-testimonial-field testimonial-field testimonial-name\">Simone Paciok<\/div><div class=\"clear\"><\/div><\/div><\/div><div class=\"wpmtst-testimonial testimonial t-slide post-6363\"><div class=\"wpmtst-testimonial-inner testimonial-inner\"><h3 class=\"wpmtst-testimonial-heading testimonial-heading\">Eva<\/h3><div data-infinite-loop=\"true\"   class=\"wpmtst-testimonial-content testimonial-content\"><div class=\"maybe-clear\"><\/div><p>Ho frequentato ben due corsi Oltre; mi sono trovata bene e ho conosciuto persone gentili e alla mano. Lo consiglio soprattutto a chi vuole cercare di reinserirsi nel mondo del lavoro.<\/p><\/div><div class=\"wpmtst-testimonial-field testimonial-field testimonial-name\">Eva D&#8217;Antonio<\/div><div class=\"clear\"><\/div><\/div><\/div><div class=\"wpmtst-testimonial testimonial t-slide post-6364\"><div class=\"wpmtst-testimonial-inner testimonial-inner\"><h3 class=\"wpmtst-testimonial-heading testimonial-heading\">Cristina<\/h3><div data-infinite-loop=\"true\"   class=\"wpmtst-testimonial-content testimonial-content\"><div class=\"maybe-clear\"><\/div><p>Docenti preparati, lezioni ben costruite, argomenti e metodi didattici adatti alla preparazione del mondo del lavoro. Molta simpatia e veramente un #HappyLearning!<br \/>\n&#8220;E&#8217; una disciplina, una passione, un&#8217;arte che crea libert\u00e0!&#8221;<\/p><\/div><div class=\"wpmtst-testimonial-field testimonial-field testimonial-name\">Cristina Andrea<\/div><div class=\"clear\"><\/div><\/div><\/div><div class=\"wpmtst-testimonial testimonial t-slide post-6365\"><div class=\"wpmtst-testimonial-inner testimonial-inner\"><h3 class=\"wpmtst-testimonial-heading testimonial-heading\">Angelica<\/h3><div data-infinite-loop=\"true\"   class=\"wpmtst-testimonial-content testimonial-content\"><div class=\"maybe-clear\"><\/div><p>Ho frequentato due corsi molto interessanti, efficaci e stimolanti che mi hanno aiutata a superare alcuni limiti che avevo. I professori sempre cordiali, educati e sul pezzo.<br \/>\nInsomma, un&#8217;esperienza che consiglio a tutti!<\/p><\/div><div class=\"wpmtst-testimonial-field testimonial-field testimonial-name\">Angelica Giordano<\/div><div class=\"clear\"><\/div><\/div><\/div><div class=\"wpmtst-testimonial testimonial t-slide post-6510\"><div class=\"wpmtst-testimonial-inner testimonial-inner\"><h3 class=\"wpmtst-testimonial-heading testimonial-heading\">Gloria<\/h3><div data-infinite-loop=\"true\"   class=\"wpmtst-testimonial-content testimonial-content\"><div class=\"maybe-clear\"><\/div><p>Il personale docente \u00e8 stato molto professionale, ho apprezzato molto la parte del corso svolta in e-learning per permettere una navigazione veloce e personalizzata in base ai propri interessi, punti deboli e che permetteva anche a chi, come me, aveva un lavoro part-time. Un ringraziamento speciale ai docenti Maura Narcisi, Lara Pozzi, Massimiliano Zulli e Loris che mi hanno fatta innamorare delle loro materie e naturalmente agli psicologi del lavoro che hanno permesso introdotto Orienta Express, conoscevo gi\u00e0 il test di Myers-Briggs ma ora sono ancora pi\u00f9 consapevole della sua validit\u00e0. Buona quarantena a tutti voi che non smettete di formarvi.<\/p><\/div><div class=\"wpmtst-testimonial-field testimonial-field testimonial-name\">Gloria Giannascoli<\/div><div class=\"clear\"><\/div><\/div><\/div><div class=\"wpmtst-testimonial testimonial t-slide post-6511\"><div class=\"wpmtst-testimonial-inner testimonial-inner\"><h3 class=\"wpmtst-testimonial-heading testimonial-heading\">Aida<\/h3><div data-infinite-loop=\"true\"   class=\"wpmtst-testimonial-content testimonial-content\"><div class=\"maybe-clear\"><\/div><p>Il corso per store manager \u00e8 stato molto interessante e formativo, e mi ha permesso di capire e mettere in atto le mie competenze. Docenti eccezionali e preparatissimi lo consiglio davvero.<\/p><\/div><div class=\"wpmtst-testimonial-field testimonial-field testimonial-name\">Aida Bisco<\/div><div class=\"clear\"><\/div><\/div><\/div><div class=\"wpmtst-testimonial testimonial t-slide post-6512\"><div class=\"wpmtst-testimonial-inner testimonial-inner\"><h3 class=\"wpmtst-testimonial-heading testimonial-heading\">Carla<\/h3><div data-infinite-loop=\"true\"   class=\"wpmtst-testimonial-content testimonial-content\"><div class=\"maybe-clear\"><\/div><p>Insegnanti preparatissimi!<\/p><\/div><div class=\"wpmtst-testimonial-field testimonial-field testimonial-name\">Carla Sprecac\u00e8<\/div><div class=\"clear\"><\/div><\/div><\/div><div class=\"wpmtst-testimonial testimonial t-slide post-6513\"><div class=\"wpmtst-testimonial-inner testimonial-inner\"><h3 class=\"wpmtst-testimonial-heading testimonial-heading\">Valeria<\/h3><div data-infinite-loop=\"true\"   class=\"wpmtst-testimonial-content testimonial-content\"><div class=\"maybe-clear\"><\/div><p>Grazie a Oltre ho imparato che un corso di formazione \u00e8 anche un percorso di vita&#8230; Professionalit\u00e0 e gentilezza unica. Mi sono sentita parte non di un gruppo ma di una famiglia!<\/p><\/div><div class=\"wpmtst-testimonial-field testimonial-field testimonial-name\">Valeria Montebello<\/div><div class=\"clear\"><\/div><\/div><\/div><div class=\"wpmtst-testimonial testimonial t-slide post-6515\"><div class=\"wpmtst-testimonial-inner testimonial-inner\"><h3 class=\"wpmtst-testimonial-heading testimonial-heading\">Vincenzo<\/h3><div data-infinite-loop=\"true\"   class=\"wpmtst-testimonial-content testimonial-content\"><div class=\"maybe-clear\"><\/div><p>E\u2019 stata una bellissima esperienza, molto costruttiva.<\/p><\/div><div class=\"wpmtst-testimonial-field testimonial-field testimonial-name\">Vincenzo Saraceni<\/div><div class=\"clear\"><\/div><\/div><\/div><div class=\"wpmtst-testimonial testimonial t-slide post-6516\"><div class=\"wpmtst-testimonial-inner testimonial-inner\"><h3 class=\"wpmtst-testimonial-heading testimonial-heading\">Andrea<\/h3><div data-infinite-loop=\"true\"   class=\"wpmtst-testimonial-content testimonial-content\"><div class=\"maybe-clear\"><\/div><p>Ho frequentato il corso di Web &amp; Graphic Design in ottobre del 2018 e devo dire che l&#8217;ho trovato eccezionale!<\/p><p>Il corso \u00e8 strutturato in modo che alla fine del percorso tu riesca ad avere una chiara e limpida visione del mondo professionale del web e graphic designer, e quindi riuscire a capire dove indirizzare le tue risorse per cercare lavoro. Ringrazio tutti gli insegnanti che mi hanno assistito durante il corso per la loro professionalit\u00e0 e competenza, ma soprattutto anche per la loro straordinaria disponibilit\u00e0.<\/p><\/div><div class=\"wpmtst-testimonial-field testimonial-field testimonial-name\">Andrea Mariani<\/div><div class=\"clear\"><\/div><\/div><\/div><div class=\"wpmtst-testimonial testimonial t-slide post-6517\"><div class=\"wpmtst-testimonial-inner testimonial-inner\"><h3 class=\"wpmtst-testimonial-heading testimonial-heading\">Claudia<\/h3><div data-infinite-loop=\"true\"   class=\"wpmtst-testimonial-content testimonial-content\"><div class=\"maybe-clear\"><\/div><p>Motivazione. Carica. Ispirazione. E tanta voglia di fare. \u00c8 questo che ti resta incollato addosso dopo un corso da Oltre. &#8220;E le nozioni?&#8221; vi starete chiedendo. Tranquilli, ci sono tutte, grazie a docenti che sono, prima di tutto, professionisti nel loro settore, di cui vi sveleranno i segreti pi\u00f9 freschi e utili. In un momento della vostra vita in cui siete fermi ai box troverete non solo le conoscenze, ma soprattutto una sferzata di pura energia per ripartire con una grinta tutta nuova verso il vostro futuro.<\/p><\/div><div class=\"wpmtst-testimonial-field testimonial-field testimonial-name\">Claudia Pi<\/div><div class=\"clear\"><\/div><\/div><\/div><div class=\"wpmtst-testimonial testimonial t-slide post-6518\"><div class=\"wpmtst-testimonial-inner testimonial-inner\"><h3 class=\"wpmtst-testimonial-heading testimonial-heading\">Ada<\/h3><div data-infinite-loop=\"true\"   class=\"wpmtst-testimonial-content testimonial-content\"><div class=\"maybe-clear\"><\/div><p>Un ente di formazione&#8230;OLTRE!<\/p><p>OLTRE le aspettative;<\/p><p>OLTRE i soliti enti di formazione;<\/p><p>OLTRE le classiche lezioni;<\/p><p>Ambiente stimolante, gruppo accogliente, docenti preparati e sempre disponibili.<\/p><p>OLTRE..tutto tanta, ma tanta, simpatia!<\/p><p>Il corso di Social Media Manager \u00e8 stato davvero fantastico, docenti top e compagni di &#8220;avventura&#8221; spettacolari.<\/p><p>Tanto dialogo, spunti, nozioni e consigli per affrontare al meglio il mondo del lavoro.<\/p><p>A fine corso non potrete non sentirne la mancanza.<\/p><p>Se cercate un corso davvero utile per la vostra formazione professionale, non andate oltre&#8230;fermatevi da OLTRE!<\/p><\/div><div class=\"wpmtst-testimonial-field testimonial-field testimonial-name\">Ada Ciampone<\/div><div class=\"clear\"><\/div><\/div><\/div><div class=\"wpmtst-testimonial testimonial t-slide post-6519\"><div class=\"wpmtst-testimonial-inner testimonial-inner\"><h3 class=\"wpmtst-testimonial-heading testimonial-heading\">Nunzia<\/h3><div data-infinite-loop=\"true\"   class=\"wpmtst-testimonial-content testimonial-content\"><div class=\"maybe-clear\"><\/div><p>Professionalit\u00e0 e cordialit\u00e0. I corsi sono molto interessanti e danno la possibilit\u00e0 di allinearsi con il mercato del lavoro.<\/p><\/div><div class=\"wpmtst-testimonial-field testimonial-field testimonial-name\">Nunzia Cavacini<\/div><div class=\"clear\"><\/div><\/div><\/div><div class=\"wpmtst-testimonial testimonial t-slide post-6520\"><div class=\"wpmtst-testimonial-inner testimonial-inner\"><h3 class=\"wpmtst-testimonial-heading testimonial-heading\">Andrea<\/h3><div data-infinite-loop=\"true\"   class=\"wpmtst-testimonial-content testimonial-content\"><div class=\"maybe-clear\"><\/div><p>Semplicemente il meglio. Docenti preparatissimi, aule accoglienti ed interattive. Grazie ancora!<\/p><\/div><div class=\"wpmtst-testimonial-field testimonial-field testimonial-name\">Andrea Faieta<\/div><div class=\"clear\"><\/div><\/div><\/div><div class=\"wpmtst-testimonial testimonial t-slide post-6521\"><div class=\"wpmtst-testimonial-inner testimonial-inner\"><h3 class=\"wpmtst-testimonial-heading testimonial-heading\">Samantha<\/h3><div data-infinite-loop=\"true\"   class=\"wpmtst-testimonial-content testimonial-content\"><div class=\"maybe-clear\"><\/div><p>Il migliore ente in assoluto nel campo della formazione. Ci si trova in un ambiente stimolante e informale con docenti altamente preparati. Mi ha aiutato ad avere una visione di me stessa e del mondo del lavoro completamente diversa! Stra-consigliato!<\/p><\/div><div class=\"wpmtst-testimonial-field testimonial-field testimonial-name\">Samantha Ferrante<\/div><div class=\"clear\"><\/div><\/div><\/div><div class=\"wpmtst-testimonial testimonial t-slide post-6522\"><div class=\"wpmtst-testimonial-inner testimonial-inner\"><h3 class=\"wpmtst-testimonial-heading testimonial-heading\">Domenico<\/h3><div data-infinite-loop=\"true\"   class=\"wpmtst-testimonial-content testimonial-content\"><div class=\"maybe-clear\"><\/div><p>Ho finito da poco di frequentare un corso come responsabile commerciale in Oltre: ambiente serio, gente cordiale e disponibile a dare informazioni. Consiglio ad altri di partecipare ai corsi che verranno organizzati l\u00ec in sede.<\/p><\/div><div class=\"wpmtst-testimonial-field testimonial-field testimonial-name\">Domenico Pezzi<\/div><div class=\"clear\"><\/div><\/div><\/div><div class=\"wpmtst-testimonial testimonial t-slide post-6523\"><div class=\"wpmtst-testimonial-inner testimonial-inner\"><h3 class=\"wpmtst-testimonial-heading testimonial-heading\">Sonia<\/h3><div data-infinite-loop=\"true\"   class=\"wpmtst-testimonial-content testimonial-content\"><div class=\"maybe-clear\"><\/div><p>Finito da poco il corso per Addetta al Front Office, tanti gli spunti e le informazioni che user\u00f2 per riorganizzare il mio percorso lavorativo. Davvero alto il livello della proposta formativa e degli insegnanti, Oltre Srl caldamente consigliata.<\/p><p>Inoltre l&#8217;atmosfera \u00e8 molto positiva e se si ha la fortuna di stare in un bel gruppo dinamico ed entusiasta la mattina si va al corso con il sorriso ed \u00e8 piacevole trovarsi nell&#8217; ingresso per bersi insieme un caff\u00e8 e stare insieme otto ore.<\/p><\/div><div class=\"wpmtst-testimonial-field testimonial-field testimonial-name\">Sonia Caduceo<\/div><div class=\"clear\"><\/div><\/div><\/div><div class=\"wpmtst-testimonial testimonial t-slide post-6524\"><div class=\"wpmtst-testimonial-inner testimonial-inner\"><h3 class=\"wpmtst-testimonial-heading testimonial-heading\">Bruna<\/h3><div data-infinite-loop=\"true\"   class=\"wpmtst-testimonial-content testimonial-content\"><div class=\"maybe-clear\"><\/div><p>Consiglio a tutti di seguire i loro corsi, un&#8217;esperienza unica e stimolante.<\/p><\/div><div class=\"wpmtst-testimonial-field testimonial-field testimonial-name\">Bruna Ruocco<\/div><div class=\"clear\"><\/div><\/div><\/div><div class=\"wpmtst-testimonial testimonial t-slide post-6525\"><div class=\"wpmtst-testimonial-inner testimonial-inner\"><h3 class=\"wpmtst-testimonial-heading testimonial-heading\">Fabry<\/h3><div data-infinite-loop=\"true\"   class=\"wpmtst-testimonial-content testimonial-content\"><div class=\"maybe-clear\"><\/div><p>Ritengo che il corso Retail e Store Manager sia stato davvero molto utile e formativo, con docenti professionali, preparati, validissimi e disponibili a rispondere a tutte le domande. Un corso che, oltre a insegnare le tecniche per intraprendere l\u2019attivit\u00e0 di uno store manager, fornisce anche importanti indicazioni dal punto di vista del candidato: in questo modo, sapendo come agisce un selezionatore, si pu\u00f2 essere pi\u00f9 preparati per affrontare un colloquio. Tutte le lezioni sono state davvero molto interessanti e tutto l&#8217;ambiente \u00e8 stato a dir poco perfetto. Sono rimasto particolarmente soddisfatto sia per la completezza degli argomenti trattati a 360\u00b0 sia per la simpatia dei docenti per il loro coinvolgimento durante tutte le attivit\u00e0 del corso.<\/p><p>Per ultimo, ma non meno importante i compagni di classe sono diventati amici e sicuramente avremo modo di continuare a sentirci.<\/p><\/div><div class=\"clear\"><\/div><\/div><\/div><div class=\"wpmtst-testimonial testimonial t-slide post-6526\"><div class=\"wpmtst-testimonial-inner testimonial-inner\"><h3 class=\"wpmtst-testimonial-heading testimonial-heading\">Martina<\/h3><div data-infinite-loop=\"true\"   class=\"wpmtst-testimonial-content testimonial-content\"><div class=\"maybe-clear\"><\/div><p>E&#8217; un ambiente stimolante, giovane e dinamico. I Formatori sono preparatissimi e dotati di grande comunicativit\u00e0. Sono inoltre gentili e disponibili. Si fa parte di una famiglia, in cui si parla di lavoro, di opportunit\u00e0, di formazione&#8230;ma non solo, soprattutto se si ha la fortuna di condividere tutto questo anche con colleghi piacevoli, come \u00e8 stato per il nostro Corso (per Segreteria Internazionale). Grazie a tutti voi!<\/p><\/div><div class=\"wpmtst-testimonial-field testimonial-field testimonial-name\">Martina Polisini<\/div><div class=\"clear\"><\/div><\/div><\/div><div class=\"wpmtst-testimonial testimonial t-slide post-6527\"><div class=\"wpmtst-testimonial-inner testimonial-inner\"><h3 class=\"wpmtst-testimonial-heading testimonial-heading\">Fabrizio<\/h3><div data-infinite-loop=\"true\"   class=\"wpmtst-testimonial-content testimonial-content\"><div class=\"maybe-clear\"><\/div><p>Ottimo ente di formazione: qualit\u00e0, informazioni e soprattutto tanta progettualit\u00e0 ed attenzione alle soft skills.<\/p><\/div><div class=\"wpmtst-testimonial-field testimonial-field testimonial-name\">Fabrizio De Angelis<\/div><div class=\"clear\"><\/div><\/div><\/div><div class=\"wpmtst-testimonial testimonial t-slide post-6528\"><div class=\"wpmtst-testimonial-inner testimonial-inner\"><h3 class=\"wpmtst-testimonial-heading testimonial-heading\">Massimo<\/h3><div data-infinite-loop=\"true\"   class=\"wpmtst-testimonial-content testimonial-content\"><div class=\"maybe-clear\"><\/div><p>Da un paio di settimane ho concluso il corso di formazione come<br \/>\n&#8221; Esperto del Credito&#8221; organizzato da OLTRE &#8211; Formazione professionale in collaborazione con Maw-Man at Work e Prestiter. Vorrei ringraziare tutti i docenti.<br \/>\nUn corso di formazione che mi ha permesso di sviluppare competenze relative al mondo creditizio.<br \/>\nUn ringraziamento allo staff di OLTRE in particolare ad Andrea Landivar Rusu, Giorgia Alberico e Fabio Di Filippo che ci hanno accompagnato con la loro disponibilit\u00e0 per tutto il percorso formativo. #happylearning<\/p><\/div><div class=\"wpmtst-testimonial-field testimonial-field testimonial-name\">Massimo Ricca<\/div><div class=\"clear\"><\/div><\/div><\/div><div class=\"wpmtst-testimonial testimonial t-slide post-6529\"><div class=\"wpmtst-testimonial-inner testimonial-inner\"><h3 class=\"wpmtst-testimonial-heading testimonial-heading\">Davide<\/h3><div data-infinite-loop=\"true\"   class=\"wpmtst-testimonial-content testimonial-content\"><div class=\"maybe-clear\"><\/div><p>Ho da poco concluso il corso di &#8220;fleet manager \/ gestore della flotta&#8221; organizzato da OLTRE &#8211; Formazione professionale in collaborazione con MAW Men At Work s.p.a.; vorrei ringraziare i docenti Matteo Pregno, @Silvio Di Simone, @Andrea Dinali che con la loro professionalit\u00e0 hanno trasmesso oltre alle nozioni, ma anche la loro grande passione. Un grazie a Giorgia Alberico e Andrea Landivar Rusu che ci hanno accompagnato e sostenuto con la loro disponibilit\u00e0 e professionalit\u00e0. Sono soddisfatto del corso, \u00e8 stato utile per rivedere alcuni concetti e per apprendere nuove nozioni da mettere nello zaino, come suggerito da un nostro docente. #happylearning<\/p><\/div><div class=\"wpmtst-testimonial-field testimonial-field testimonial-name\">Davide Cornacchia<\/div><div class=\"clear\"><\/div><\/div><\/div><div class=\"wpmtst-testimonial testimonial t-slide post-6530\"><div class=\"wpmtst-testimonial-inner testimonial-inner\"><h3 class=\"wpmtst-testimonial-heading testimonial-heading\">Gabriele Maria<\/h3><div data-infinite-loop=\"true\"   class=\"wpmtst-testimonial-content testimonial-content\"><div class=\"maybe-clear\"><\/div><p>Ho terminato da qualche giorno il corso formazione sulla #logistica e gestione di magazzino durato un mese. Che dire! Esperienza fantastica, dove tutti i docenti si sono impegnati per offrire un corso di qualit\u00e0. Sempre tutti disponibili ed efficienti! Ne avevo subito iniziato un altro sempre insieme a loro MA ho avuto la fortuna di trovare lavoro e sono stato costretto ad abbandonare quest&#8217;ultimo. (loro dicono di portare fortuna in ambito lavorativo quindi forse non hanno tutti i torti ?)<br \/>\nGrazie a tutti!<\/p><\/div><div class=\"wpmtst-testimonial-field testimonial-field testimonial-name\">Gabriele Maria Luzzatto<\/div><div class=\"clear\"><\/div><\/div><\/div><div class=\"wpmtst-testimonial testimonial t-slide post-6531\"><div class=\"wpmtst-testimonial-inner testimonial-inner\"><h3 class=\"wpmtst-testimonial-heading testimonial-heading\">Nunzia<\/h3><div data-infinite-loop=\"true\"   class=\"wpmtst-testimonial-content testimonial-content\"><div class=\"maybe-clear\"><\/div><p>Addetto alla segreteria con competenze digitali: ottimo corso. Formarsi \u00e8 importante per innumerevoli motivi. Arrivare in azienda con competenze digitali, oggi, fa la differenza.<\/p><\/div><div class=\"wpmtst-testimonial-field testimonial-field testimonial-name\">Nunzia Ciminelli<\/div><div class=\"clear\"><\/div><\/div><\/div><div class=\"wpmtst-testimonial testimonial t-slide post-6532\"><div class=\"wpmtst-testimonial-inner testimonial-inner\"><h3 class=\"wpmtst-testimonial-heading testimonial-heading\">Roberta<\/h3><div data-infinite-loop=\"true\"   class=\"wpmtst-testimonial-content testimonial-content\"><div class=\"maybe-clear\"><\/div><p>Sono fiera di aver partecipato al corso \u201cHR Specialist per le APL\u201d organizzato da OLTRE &#8211; Formazione professionale in collaborazione con MAW Men At Work s.p.a. \u00c8 stata un\u2019esperienza ricca di formazione ma anche di emozione che mi ha dato la possibilit\u00e0 di scoprire un mondo meraviglioso che \u00e8 quello delle Risorse Umane.Un grazie particolare va a tutti i docenti e tutor,anche se \u00e8 riduttivo considerarli dei semplici docenti,che ci hanno accompagnati in questo percorso: Giorgia Alberico, Andrea Landivar Rusu, Fabio Di Filippo, Lara D&#8217;Orazio, Federica Lucarelli, Simone Giansante , Veronica Bozzelli, Angelo Carota.Un altro grazie va a tutti i miei colleghi ma soprattutto ai miei compagni di gruppo del project work,con loro \u00e8 stato davvero un gran bel lavoro di squadra: Annunziata Russo, \u00a0Valeria Vallese, \u00a0Lorenzo Neri.<\/p><\/div><div class=\"wpmtst-testimonial-field testimonial-field testimonial-name\">Roberta Di Nucci<\/div><div class=\"clear\"><\/div><\/div><\/div><div class=\"wpmtst-testimonial testimonial t-slide post-6533\"><div class=\"wpmtst-testimonial-inner testimonial-inner\"><h3 class=\"wpmtst-testimonial-heading testimonial-heading\">Lorenza<\/h3><div data-infinite-loop=\"true\"   class=\"wpmtst-testimonial-content testimonial-content\"><div class=\"maybe-clear\"><\/div><p>La Oltre srl \u00e8 una famiglia. Forse perch\u00e9 un&#8217;azienda piccola, forse perch\u00e9 ogni professionista l\u00ec dentro ci mette cuore ed anima.<br \/>\nHo frequentato un solo corso con loro, intensivo, di 8 ore al giorno e si era arrivati ad una confidenza tali da capire quanto bisogna essere umani e disponibili per poter essere degli ottimi professionisti e degli ottimi insegnanti.<\/p><p>Ringrazio tutti i miei docenti: Carla, Francesca, Annalisa, Maura, Noelia, Massimiliano, Laura, Paride e tutti gli altri che non sono riuscita a menzionare. Siete davvero un valore aggiunto. Ci avete messo alla prova e ci avete insegnato tanto. Io esco formata come professionista e sicuramente come persona.<\/p><p>Grazie ancora.<\/p><\/div><div class=\"wpmtst-testimonial-field testimonial-field testimonial-name\">Lorenza F.<\/div><div class=\"clear\"><\/div><\/div><\/div><div class=\"wpmtst-testimonial testimonial t-slide post-6534\"><div class=\"wpmtst-testimonial-inner testimonial-inner\"><h3 class=\"wpmtst-testimonial-heading testimonial-heading\">Bianca<\/h3><div data-infinite-loop=\"true\"   class=\"wpmtst-testimonial-content testimonial-content\"><div class=\"maybe-clear\"><\/div><p>Una sede con ampi spazi per una formazione in tutta sicurezza, all&#8217;altezza delle necessit\u00e0 odierne.<\/p><\/div><div class=\"wpmtst-testimonial-field testimonial-field testimonial-name\">Bianca Zappalorto<\/div><div class=\"clear\"><\/div><\/div><\/div><\/div><\/div><\/p>\t\t\t\t\t\t\t\t<\/div>\n\t\t\t\t<\/div>\n\t\t\t\t\t<\/div>\n\t\t<\/div>\n\t\t\t\t\t<\/div>\n\t\t<\/section>\n\t\t\t\t<section class=\"elementor-section elementor-top-section elementor-element elementor-element-4f755e4 elementor-section-boxed elementor-section-height-default elementor-section-height-default\" data-id=\"4f755e4\" data-element_type=\"section\" data-e-type=\"section\">\n\t\t\t\t\t\t<div class=\"elementor-container elementor-column-gap-default\">\n\t\t\t\t\t<div class=\"aux-parallax-section elementor-column elementor-col-100 elementor-top-column elementor-element elementor-element-79ee76f\" data-id=\"79ee76f\" data-element_type=\"column\" data-e-type=\"column\">\n\t\t\t<div class=\"elementor-widget-wrap elementor-element-populated\">\n\t\t\t\t\t\t<div class=\"elementor-element elementor-element-160c804 elementor-widget elementor-widget-spacer\" data-id=\"160c804\" data-element_type=\"widget\" data-e-type=\"widget\" data-widget_type=\"spacer.default\">\n\t\t\t\t<div class=\"elementor-widget-container\">\n\t\t\t\t\t\t\t<div class=\"elementor-spacer\">\n\t\t\t<div class=\"elementor-spacer-inner\"><\/div>\n\t\t<\/div>\n\t\t\t\t\t\t<\/div>\n\t\t\t\t<\/div>\n\t\t\t\t\t<\/div>\n\t\t<\/div>\n\t\t\t\t\t<\/div>\n\t\t<\/section>\n\t\t\t\t<\/div>\n\t\t","protected":false},"excerpt":{"rendered":"<p>IL PROGETTO L&#8217;Accademia Permanente di Confimi Industria Abruzzo rappresenta una risposta concreta alle sfide affrontate dalle aziende odierne nell&#8217;attrarre e trattenere personale competente e nell&#8217;assicurare una formazione aggiornata per soddisfare le esigenze del mercato del lavoro. L&#8217;iniziativa nasce dalla collaborazione tra Confimi Industria Abruzzo, l&#8217;Associazione datoriale dedicata alle esigenze delle imprese iscritte, e due partner [&hellip;]<\/p>\n","protected":false},"author":12,"featured_media":0,"parent":0,"menu_order":0,"comment_status":"closed","ping_status":"closed","template":"","meta":{"footnotes":""},"class_list":["post-14259","page","type-page","status-publish","hentry"],"aioseo_notices":[],"_links":{"self":[{"href":"https:\/\/www.oltresrl.eu\/index.php\/wp-json\/wp\/v2\/pages\/14259","targetHints":{"allow":["GET"]}}],"collection":[{"href":"https:\/\/www.oltresrl.eu\/index.php\/wp-json\/wp\/v2\/pages"}],"about":[{"href":"https:\/\/www.oltresrl.eu\/index.php\/wp-json\/wp\/v2\/types\/page"}],"author":[{"embeddable":true,"href":"https:\/\/www.oltresrl.eu\/index.php\/wp-json\/wp\/v2\/users\/12"}],"replies":[{"embeddable":true,"href":"https:\/\/www.oltresrl.eu\/index.php\/wp-json\/wp\/v2\/comments?post=14259"}],"version-history":[{"count":116,"href":"https:\/\/www.oltresrl.eu\/index.php\/wp-json\/wp\/v2\/pages\/14259\/revisions"}],"predecessor-version":[{"id":22377,"href":"https:\/\/www.oltresrl.eu\/index.php\/wp-json\/wp\/v2\/pages\/14259\/revisions\/22377"}],"wp:attachment":[{"href":"https:\/\/www.oltresrl.eu\/index.php\/wp-json\/wp\/v2\/media?parent=14259"}],"curies":[{"name":"wp","href":"https:\/\/api.w.org\/{rel}","templated":true}]}}